{"id":7939,"date":"2016-06-23T11:12:53","date_gmt":"2016-06-23T11:12:53","guid":{"rendered":"https:\/\/www.hopp-la.ch\/fondation\/"},"modified":"2025-02-27T14:22:04","modified_gmt":"2025-02-27T14:22:04","slug":"fondation","status":"publish","type":"page","link":"https:\/\/www.hopp-la.ch\/fr\/fondation\/","title":{"rendered":"Fondation"},"content":{"rendered":"<div class=\"wpb-content-wrapper\"><p>[vc_row bg_type=&#8221;bg_color&#8221; bg_override=&#8221;full&#8221; bg_color_value=&#8221;#f4f4f4&#8243; css=&#8221;.vc_custom_1563100387344{padding-top: 5% !important;padding-bottom: 5% !important;}&#8221;][vc_column width=&#8221;2\/3&#8243; css=&#8221;.vc_custom_1513672913240{margin-bottom: 20px !important;}&#8221;]<div id=\"ultimate-heading-688469f72cfb7fc49\" class=\"uvc-heading ult-adjust-bottom-margin ultimate-heading-688469f72cfb7fc49 uvc-8311 accent-border-color\" data-hspacer=\"line_only\"  data-halign=\"left\" style=\"text-align:left\"><div class=\"uvc-main-heading ult-responsive\"  data-ultimate-target='.uvc-heading.ultimate-heading-688469f72cfb7fc49 h2'  data-responsive-json-new='{\"font-size\":\"desktop:26px;\",\"line-height\":\"desktop:36px;\"}' ><h2 style=\"font-weight:bold;\">La Fondation en bref<\/h2><\/div><div class=\"uvc-heading-spacer line_only\" style=\"margin-top:15px;margin-bottom:50px;height:4px;\"><span class=\"uvc-headings-line\" style=\"border-style:solid;border-bottom-width:4px;border-color:;width:50px;\"><\/span><\/div><\/div><div class=\"standard-arrow list-divider bullet-top\"><ul>\n<li><strong>Date de cr\u00e9ation :\u00a0<\/strong> juillet 2014<\/li>\n<li><strong>Vision:<\/strong>\u00a0 Les pouvoirs publics et les organisations de la soci\u00e9t\u00e9 civile encouragent l&#8217;activit\u00e9 physique interg\u00e9n\u00e9rationnelle. Ils soutiennent l\u2019am\u00e9nagement de places de jeux, de parcs et d&#8217;autres espaces publics afin d\u2019en faire des espaces de mouvement et de rencontre utilis\u00e9s par toutes les g\u00e9n\u00e9rations. Les espaces d&#8217;activit\u00e9 physique interg\u00e9n\u00e9rationnels contribuent en effet de mani\u00e8re significative \u00e0 la promotion de la sant\u00e9 physique et psycho-sociale.<\/li>\n<li><strong>Mission:\u00a0 <\/strong>En tant qu&#8217;organisation non gouvernementale et centre de comp\u00e9tence national, la Fondation Hopp-la promeut et ancre la th\u00e9matique de l&#8217;activit\u00e9 physique et de la sant\u00e9 interg\u00e9n\u00e9rationnelles \u00e0 l&#8217;\u00e9chelle suisse. Elle sensibilise, conseille et accompagne les acteurs\/-trices de la soci\u00e9t\u00e9 civile, les pouvoirs publics et les dirigeant.e.s politiques. Elle investit \u00e9galement dans la recherche appliqu\u00e9e et la mise en r\u00e9seau de partenaires.<\/li>\n<\/ul>\n<\/div><span id=\"creative-link-wrap-2908\" class=\"ult_main_cl ult-adjust-bottom-margin  \" >\n\t \t\t\t<span class=\"  ult_crlink\" >\n\t\t\t\t\t<a  data-ultimate-target='#creative-link-wrap-2908 .ult_colorlink'  data-responsive-json-new='{\"font-size\":\"\",\"line-height\":\"\"}'  href=\"http:\/\/www.hopp-la.ch\/stiftung\/geschichte\/\"  class=\"ult_colorlink ult-responsive \" style=\"float:left;font-family:Montserrat;font-weight:700; \"  data-textcolor=\"#95c11f\" data-texthover=\"#333333\"data-style=\"\">\n\t\t\t\t\t\t\n\t\t\t\t\t\t<span data-hover=\"\u2192 A propos de l&#039;histoire des origines\" style=\"color:#95c11f;;;\" class=\"ult_btn10_span   \">\u2192 A propos de l'histoire des origines<\/span>\n\t\t\t\t\t\t\n\t\t\t\t\t<\/a>\n\t\t\t\t<\/span>\n\t\t\t<\/span>[\/vc_column][vc_column width=&#8221;1\/3&#8243;][\/vc_column][\/vc_row][vc_row bg_type=&#8221;bg_color&#8221; bg_override=&#8221;ex-full&#8221; bg_color_value=&#8221;#f4f4f4&#8243;][vc_column css=&#8221;.vc_custom_1513672913240{margin-bottom: 20px !important;}&#8221;]<div id=\"ultimate-heading-539669f72cfb7fdf0\" class=\"uvc-heading ult-adjust-bottom-margin ultimate-heading-539669f72cfb7fdf0 uvc-7585 accent-border-color\" data-hspacer=\"line_only\"  data-halign=\"left\" style=\"text-align:left\"><div class=\"uvc-main-heading ult-responsive\"  data-ultimate-target='.uvc-heading.ultimate-heading-539669f72cfb7fdf0 h2'  data-responsive-json-new='{\"font-size\":\"desktop:26px;\",\"line-height\":\"desktop:36px;\"}' ><h2 style=\"font-weight:bold;\">Conseil de Fondation<\/h2><\/div><div class=\"uvc-heading-spacer line_only\" style=\"margin-top:15px;margin-bottom:50px;height:4px;\"><span class=\"uvc-headings-line\" style=\"border-style:solid;border-bottom-width:4px;border-color:;width:50px;\"><\/span><\/div><\/div>[vc_row_inner css=&#8221;.vc_custom_1505828795365{padding-bottom: 45px !important;}&#8221;][vc_column_inner width=&#8221;1\/3&#8243;]<style type=\"text\/css\" data-type=\"the7_shortcodes-inline-css\">.shortcode-single-image-wrap.shortcode-single-image-778a453ec5ff4c34089b636570bd922f.enable-bg-rollover .rollover i,\n.shortcode-single-image-wrap.shortcode-single-image-778a453ec5ff4c34089b636570bd922f.enable-bg-rollover .rollover-video i {\n  background: -webkit-linear-gradient();\n  background: linear-gradient();\n}\n.shortcode-single-image-wrap.shortcode-single-image-778a453ec5ff4c34089b636570bd922f .rollover-icon {\n  font-size: 32px;\n  color: #ffffff;\n  min-width: 44px;\n  min-height: 44px;\n  line-height: 44px;\n  border-radius: 100px;\n  border-style: solid;\n  border-width: 0px;\n}\n.dt-icon-bg-on.shortcode-single-image-wrap.shortcode-single-image-778a453ec5ff4c34089b636570bd922f .rollover-icon {\n  background: rgba(255,255,255,0.3);\n  box-shadow: none;\n}<\/style><div class=\"shortcode-single-image-wrap shortcode-single-image-778a453ec5ff4c34089b636570bd922f alignleft  vc_custom_1683035091063 enable-bg-rollover dt-icon-bg-off\" ><div class=\"shortcode-single-image\"><div class=\"fancy-media-wrap\" style=\"\"><a href=\"\" class=\" layzr-bg rollover\" style=\"\" aria-label=\"Image\"><img decoding=\"async\" class=\"preload-me lazy-load aspect\" src=\"data:image\/svg+xml,%3Csvg%20xmlns%3D&#39;http%3A%2F%2Fwww.w3.org%2F2000%2Fsvg&#39;%20viewBox%3D&#39;0%200%20180%20240&#39;%2F%3E\" data-src=\"https:\/\/www.hopp-la.ch\/wp-content\/uploads\/2023\/05\/claudia_gross_quadrat_schiefer-scaled-180x240.jpg\" data-srcset=\"https:\/\/www.hopp-la.ch\/wp-content\/uploads\/2023\/05\/claudia_gross_quadrat_schiefer-scaled-180x240.jpg 180w, https:\/\/www.hopp-la.ch\/wp-content\/uploads\/2023\/05\/claudia_gross_quadrat_schiefer-scaled-360x480.jpg 360w\" loading=\"eager\" style=\"--ratio: 180 \/ 240\" sizes=\"(max-width: 180px) 100vw, 180px\" width=\"180\" height=\"240\"  data-dt-location=\"https:\/\/www.hopp-la.ch\/fr\/olympus-digital-camera-2\/\" alt=\"\" \/><\/a><\/div><\/div><\/div>[\/vc_column_inner][vc_column_inner width=&#8221;2\/3&#8243;]<div id=\"ultimate-heading-371569f72cfb80eb5\" class=\"uvc-heading ult-adjust-bottom-margin ultimate-heading-371569f72cfb80eb5 uvc-3383 \" data-hspacer=\"no_spacer\"  data-halign=\"left\" style=\"text-align:left\"><div class=\"uvc-heading-spacer no_spacer\" style=\"top\"><\/div><div class=\"uvc-main-heading ult-responsive\"  data-ultimate-target='.uvc-heading.ultimate-heading-371569f72cfb80eb5 h2'  data-responsive-json-new='{\"font-size\":\"desktop:20px;\",\"line-height\":\"desktop:30px;\"}' ><h2 style=\"font-weight:bold;margin-top:20px;\">Dr. Claudia Kessler<\/h2><\/div><div class=\"uvc-sub-heading ult-responsive\"  data-ultimate-target='.uvc-heading.ultimate-heading-371569f72cfb80eb5 .uvc-sub-heading '  data-responsive-json-new='{\"font-size\":\"desktop:16px;\",\"line-height\":\"desktop:26px;\"}'  style=\"font-weight:bold;color:#bbbbbb;margin-bottom:35px;\">Membre du conseil de fondation<\/div><\/div>[vc_column_text]M\u00e9decin de sant\u00e9 publique, avec un accent particulier sur la &#8220;promotion de la sant\u00e9 et la pr\u00e9vention&#8221; ; engag\u00e9e pour une plus grande \u00e9quit\u00e9 dans le syst\u00e8me de sant\u00e9, avec une attention particuli\u00e8re pour la sant\u00e9 des &#8220;plus faibles&#8221; de la soci\u00e9t\u00e9 ; plus de 20 ans d&#8217;exp\u00e9rience dans la coop\u00e9ration internationale.[\/vc_column_text][vc_column_text el_class=&#8221;quote&#8221;]&#8221;Comment faire bouger les personnes \u00e2g\u00e9es, m\u00eame si ce n&#8217;est plus aussi facile qu&#8217;avant ? Comment les enfants et les adolescents peuvent-ils apprendre un comportement en mati\u00e8re d&#8217;activit\u00e9 physique qui leur donnera une base solide pour le reste de leur vie ? L&#8217;un des moyens les plus efficaces est de rassembler les diff\u00e9rentes g\u00e9n\u00e9rations. Entretenir et vivre ensemble le plaisir de bouger en utilisant des approches ludiques &#8211; c&#8217;est pour cela que la fondation Hopp-La s&#8217;engage. Elle apporte ainsi une contribution importante non seulement \u00e0 la promotion de la sant\u00e9, mais aussi au renforcement de la solidarit\u00e9 entre les g\u00e9n\u00e9rations&#8221;.[\/vc_column_text][\/vc_column_inner][\/vc_row_inner][vc_row_inner css=&#8221;.vc_custom_1505828795365{padding-bottom: 45px !important;}&#8221;][vc_column_inner width=&#8221;1\/3&#8243;]<style type=\"text\/css\" data-type=\"the7_shortcodes-inline-css\">.shortcode-single-image-wrap.shortcode-single-image-a760b3f715e343e1b17efa4efa35d6ba.enable-bg-rollover .rollover i,\n.shortcode-single-image-wrap.shortcode-single-image-a760b3f715e343e1b17efa4efa35d6ba.enable-bg-rollover .rollover-video i {\n  background: -webkit-linear-gradient();\n  background: linear-gradient();\n}\n.shortcode-single-image-wrap.shortcode-single-image-a760b3f715e343e1b17efa4efa35d6ba .rollover-icon {\n  font-size: 32px;\n  color: #ffffff;\n  min-width: 44px;\n  min-height: 44px;\n  line-height: 44px;\n  border-radius: 100px;\n  border-style: solid;\n  border-width: 0px;\n}\n.dt-icon-bg-on.shortcode-single-image-wrap.shortcode-single-image-a760b3f715e343e1b17efa4efa35d6ba .rollover-icon {\n  background: rgba(255,255,255,0.3);\n  box-shadow: none;\n}<\/style><div class=\"shortcode-single-image-wrap shortcode-single-image-a760b3f715e343e1b17efa4efa35d6ba alignleft  vc_custom_1678779728566 enable-bg-rollover dt-icon-bg-off\" ><div class=\"shortcode-single-image\"><div class=\"fancy-media-wrap\" style=\"\"><a href=\"\" class=\" layzr-bg rollover\" style=\"\" aria-label=\"Image\"><img decoding=\"async\" class=\"preload-me lazy-load aspect\" src=\"data:image\/svg+xml,%3Csvg%20xmlns%3D&#39;http%3A%2F%2Fwww.w3.org%2F2000%2Fsvg&#39;%20viewBox%3D&#39;0%200%20180%20240&#39;%2F%3E\" data-src=\"https:\/\/www.hopp-la.ch\/wp-content\/uploads\/2023\/03\/Stiftungsrat_Michel_Reto_EDIT-1006656-scaled-180x240.jpg\" data-srcset=\"https:\/\/www.hopp-la.ch\/wp-content\/uploads\/2023\/03\/Stiftungsrat_Michel_Reto_EDIT-1006656-scaled-180x240.jpg 180w, https:\/\/www.hopp-la.ch\/wp-content\/uploads\/2023\/03\/Stiftungsrat_Michel_Reto_EDIT-1006656-scaled-360x480.jpg 360w\" loading=\"eager\" style=\"--ratio: 180 \/ 240\" sizes=\"(max-width: 180px) 100vw, 180px\" width=\"180\" height=\"240\"  data-dt-location=\"https:\/\/www.hopp-la.ch\/fr\/stiftungsrat_michel_reto_edit-1006656-jpg\/\" alt=\"\" \/><\/a><\/div><\/div><\/div>[\/vc_column_inner][vc_column_inner width=&#8221;2\/3&#8243;]<div id=\"ultimate-heading-793169f72cfb81bb6\" class=\"uvc-heading ult-adjust-bottom-margin ultimate-heading-793169f72cfb81bb6 uvc-1087 \" data-hspacer=\"no_spacer\"  data-halign=\"left\" style=\"text-align:left\"><div class=\"uvc-heading-spacer no_spacer\" style=\"top\"><\/div><div class=\"uvc-main-heading ult-responsive\"  data-ultimate-target='.uvc-heading.ultimate-heading-793169f72cfb81bb6 h2'  data-responsive-json-new='{\"font-size\":\"desktop:20px;\",\"line-height\":\"desktop:30px;\"}' ><h2 style=\"font-weight:bold;margin-top:20px;\">Reto Michel<\/h2><\/div><div class=\"uvc-sub-heading ult-responsive\"  data-ultimate-target='.uvc-heading.ultimate-heading-793169f72cfb81bb6 .uvc-sub-heading '  data-responsive-json-new='{\"font-size\":\"desktop:16px;\",\"line-height\":\"desktop:26px;\"}'  style=\"font-weight:bold;color:#bbbbbb;margin-bottom:35px;\">Membre du conseil de fondation<\/div><\/div>[vc_column_text]Haute \u00e9cole sp\u00e9cialis\u00e9e du Nord-Ouest de la Suisse FHNW : \u00e9conomiste d&#8217;entreprise FH, CFA Charterholder, Certified Financial Risk Manager (FRM), partenaire Independent Capital Group AG, membre du conseil d&#8217;administration de Zurfluh Treuhand AG et de DD Venture Capital AG.[\/vc_column_text][vc_column_text el_class=&#8221;quote&#8221;]&#8221;L&#8217;id\u00e9e de la fondation Hopp-la de faire bouger ensemble jeunes et vieux et de contribuer ainsi \u00e0 la promotion de la sant\u00e9 et de la qualit\u00e9 de vie m&#8217;a tout de suite enthousiasm\u00e9e. C&#8217;est un sentiment merveilleux de contribuer, par mon engagement, \u00e0 ce que des personnes de tous \u00e2ges puissent mener une vie active et saine&#8221;.[\/vc_column_text][\/vc_column_inner][\/vc_row_inner][vc_row_inner css=&#8221;.vc_custom_1505828795365{padding-bottom: 45px !important;}&#8221;][vc_column_inner width=&#8221;1\/3&#8243;]<style type=\"text\/css\" data-type=\"the7_shortcodes-inline-css\">.shortcode-single-image-wrap.shortcode-single-image-646dddc2145b5dc1d701df3cd279097f.enable-bg-rollover .rollover i,\n.shortcode-single-image-wrap.shortcode-single-image-646dddc2145b5dc1d701df3cd279097f.enable-bg-rollover .rollover-video i {\n  background: -webkit-linear-gradient();\n  background: linear-gradient();\n}\n.shortcode-single-image-wrap.shortcode-single-image-646dddc2145b5dc1d701df3cd279097f .rollover-icon {\n  font-size: 32px;\n  color: #ffffff;\n  min-width: 44px;\n  min-height: 44px;\n  line-height: 44px;\n  border-radius: 100px;\n  border-style: solid;\n  border-width: 0px;\n}\n.dt-icon-bg-on.shortcode-single-image-wrap.shortcode-single-image-646dddc2145b5dc1d701df3cd279097f .rollover-icon {\n  background: rgba(255,255,255,0.3);\n  box-shadow: none;\n}<\/style><div class=\"shortcode-single-image-wrap shortcode-single-image-646dddc2145b5dc1d701df3cd279097f alignleft  vc_custom_1683035105987 enable-bg-rollover dt-icon-bg-off\" ><div class=\"shortcode-single-image\"><div class=\"fancy-media-wrap\" style=\"\"><a href=\"\" class=\" layzr-bg rollover\" style=\"\" aria-label=\"Image\"><img decoding=\"async\" class=\"preload-me lazy-load aspect\" src=\"data:image\/svg+xml,%3Csvg%20xmlns%3D&#39;http%3A%2F%2Fwww.w3.org%2F2000%2Fsvg&#39;%20viewBox%3D&#39;0%200%20180%20240&#39;%2F%3E\" data-src=\"https:\/\/www.hopp-la.ch\/wp-content\/uploads\/2023\/05\/Foto-Judith_Gaehler_schiefer-scaled-180x240.jpg\" data-srcset=\"https:\/\/www.hopp-la.ch\/wp-content\/uploads\/2023\/05\/Foto-Judith_Gaehler_schiefer-scaled-180x240.jpg 180w, https:\/\/www.hopp-la.ch\/wp-content\/uploads\/2023\/05\/Foto-Judith_Gaehler_schiefer-scaled-360x480.jpg 360w\" loading=\"eager\" style=\"--ratio: 180 \/ 240\" sizes=\"(max-width: 180px) 100vw, 180px\" width=\"180\" height=\"240\"  data-dt-location=\"https:\/\/www.hopp-la.ch\/fr\/foto-judith_gaehler_schiefer\/\" alt=\"\" \/><\/a><\/div><\/div><\/div>[\/vc_column_inner][vc_column_inner width=&#8221;2\/3&#8243;]<div id=\"ultimate-heading-837769f72cfb8281f\" class=\"uvc-heading ult-adjust-bottom-margin ultimate-heading-837769f72cfb8281f uvc-8331 \" data-hspacer=\"no_spacer\"  data-halign=\"left\" style=\"text-align:left\"><div class=\"uvc-heading-spacer no_spacer\" style=\"top\"><\/div><div class=\"uvc-main-heading ult-responsive\"  data-ultimate-target='.uvc-heading.ultimate-heading-837769f72cfb8281f h2'  data-responsive-json-new='{\"font-size\":\"desktop:20px;\",\"line-height\":\"desktop:30px;\"}' ><h2 style=\"font-weight:bold;margin-top:20px;\">Judith G\u00e4hler<\/h2><\/div><div class=\"uvc-sub-heading ult-responsive\"  data-ultimate-target='.uvc-heading.ultimate-heading-837769f72cfb8281f .uvc-sub-heading '  data-responsive-json-new='{\"font-size\":\"desktop:16px;\",\"line-height\":\"desktop:26px;\"}'  style=\"font-weight:bold;color:#bbbbbb;margin-bottom:35px;\">Membre du conseil de fondation<\/div><\/div>[vc_column_text]Superviseur et conseiller en organisation bso, cand. MAS Change Management, membre de longue date du conseil des habitants (pr\u00e9sidente de groupe) et ancienne pr\u00e9sidente de la commission scolaire, enseignante avec exp\u00e9rience de l&#8217;enseignement \u00e0 tous les niveaux, pr\u00e9sidente du conseil d&#8217;administration de Bungert Immobilien AG, m\u00e8re de jumeaux (2009).[\/vc_column_text][vc_column_text el_class=&#8221;quote&#8221;]&#8221;Nous vivons dans un monde de plus en plus num\u00e9ris\u00e9, dans lequel les contacts sociaux et une activit\u00e9 physique suffisante sont d&#8217;une grande importance pour le bien-\u00eatre de la soci\u00e9t\u00e9. L&#8217;urbanisation croissante de notre espace de vie accro\u00eet l&#8217;importance des lieux de rencontre dans les zones d&#8217;habitation. La fondation Hopp-la ne se contente pas de rassembler ces besoins, elle va plus loin avec ses projets qui relient les g\u00e9n\u00e9rations&#8221;.[\/vc_column_text][\/vc_column_inner][\/vc_row_inner][vc_row_inner css=&#8221;.vc_custom_1505828795365{padding-bottom: 45px !important;}&#8221;][vc_column_inner width=&#8221;1\/3&#8243;]<style type=\"text\/css\" data-type=\"the7_shortcodes-inline-css\">.shortcode-single-image-wrap.shortcode-single-image-02cd305cbb321a636f5557d790fadb4f.enable-bg-rollover .rollover i,\n.shortcode-single-image-wrap.shortcode-single-image-02cd305cbb321a636f5557d790fadb4f.enable-bg-rollover .rollover-video i {\n  background: -webkit-linear-gradient();\n  background: linear-gradient();\n}\n.shortcode-single-image-wrap.shortcode-single-image-02cd305cbb321a636f5557d790fadb4f .rollover-icon {\n  font-size: 32px;\n  color: #ffffff;\n  min-width: 44px;\n  min-height: 44px;\n  line-height: 44px;\n  border-radius: 100px;\n  border-style: solid;\n  border-width: 0px;\n}\n.dt-icon-bg-on.shortcode-single-image-wrap.shortcode-single-image-02cd305cbb321a636f5557d790fadb4f .rollover-icon {\n  background: rgba(255,255,255,0.3);\n  box-shadow: none;\n}<\/style><div class=\"shortcode-single-image-wrap shortcode-single-image-02cd305cbb321a636f5557d790fadb4f alignleft  vc_custom_1507211821308 enable-bg-rollover dt-icon-bg-off\" ><div class=\"shortcode-single-image\"><div class=\"fancy-media-wrap\" style=\"\"><a href=\"\" class=\" layzr-bg rollover\" style=\"\" aria-label=\"Image\"><img decoding=\"async\" class=\"preload-me lazy-load aspect\" src=\"data:image\/svg+xml,%3Csvg%20xmlns%3D&#39;http%3A%2F%2Fwww.w3.org%2F2000%2Fsvg&#39;%20viewBox%3D&#39;0%200%20180%20240&#39;%2F%3E\" data-src=\"https:\/\/www.hopp-la.ch\/wp-content\/uploads\/2016\/06\/Lukas-Zahner.jpg\" data-srcset=\"https:\/\/www.hopp-la.ch\/wp-content\/uploads\/2016\/06\/Lukas-Zahner.jpg 180w\" loading=\"eager\" style=\"--ratio: 180 \/ 240\" sizes=\"(max-width: 180px) 100vw, 180px\" width=\"180\" height=\"240\"  data-dt-location=\"https:\/\/www.hopp-la.ch\/fr\/stiftung\/lukas-zahner\/\" alt=\"\" \/><\/a><\/div><\/div><\/div>[\/vc_column_inner][vc_column_inner width=&#8221;2\/3&#8243;]<div id=\"ultimate-heading-959969f72cfb833f7\" class=\"uvc-heading ult-adjust-bottom-margin ultimate-heading-959969f72cfb833f7 uvc-1130 \" data-hspacer=\"no_spacer\"  data-halign=\"left\" style=\"text-align:left\"><div class=\"uvc-heading-spacer no_spacer\" style=\"top\"><\/div><div class=\"uvc-main-heading ult-responsive\"  data-ultimate-target='.uvc-heading.ultimate-heading-959969f72cfb833f7 h2'  data-responsive-json-new='{\"font-size\":\"desktop:20px;\",\"line-height\":\"desktop:30px;\"}' ><h2 style=\"font-weight:bold;margin-top:20px;\">Prof. Dr. phil. Lukas Zahner<\/h2><\/div><div class=\"uvc-sub-heading ult-responsive\"  data-ultimate-target='.uvc-heading.ultimate-heading-959969f72cfb833f7 .uvc-sub-heading '  data-responsive-json-new='{\"font-size\":\"desktop:16px;\",\"line-height\":\"desktop:26px;\"}'  style=\"font-weight:bold;color:#bbbbbb;margin-bottom:35px;\">Fondateur et pr\u00e9sident du conseil de fondation<\/div><\/div>[vc_column_text]Longtemps membre de la direction du d\u00e9partement de sport, d&#8217;activit\u00e9 physique et de sant\u00e9 de l&#8217;universit\u00e9 de B\u00e2le et ancien directeur du d\u00e9partement d&#8217;enseignement et de recherche en sciences du mouvement et de l&#8217;entra\u00eenement. Biologiste, Master of Sports Sc., certificat d&#8217;ACSM Health \/ Fitness Instructor, entra\u00eeneur dipl\u00f4m\u00e9 de Swiss Olympic Association. Pr\u00e9sident du conseil de la fondation Hopp-la.[\/vc_column_text][vc_column_text el_class=&#8221;quote&#8221;]<span class=\"st\">&#8220;<\/span>Dans notre fondation, la recherche et la pratique s&#8217;unissent. Nous ne nous contentons pas d&#8217;en parler, mais nous mettons les connaissances scientifiques en pratique. Les enfants et les seniors doivent pouvoir profiter de la m\u00eame mani\u00e8re de la promotion interg\u00e9n\u00e9rationnelle de l&#8217;activit\u00e9 physique, c&#8217;est notre contribution \u00e0 la gestion de l&#8217;\u00e9volution d\u00e9mographique de notre soci\u00e9t\u00e9<span class=\"st\">&#8220;<\/span>.[\/vc_column_text][\/vc_column_inner][\/vc_row_inner][\/vc_column][\/vc_row][vc_row bg_type=&#8221;bg_color&#8221; bg_override=&#8221;ex-full&#8221; bg_color_value=&#8221;#f4f4f4&#8243;][vc_column css=&#8221;.vc_custom_1513672913240{margin-bottom: 20px !important;}&#8221;]<div id=\"ultimate-heading-379469f72cfb83435\" class=\"uvc-heading ult-adjust-bottom-margin ultimate-heading-379469f72cfb83435 uvc-2259 accent-border-color\" data-hspacer=\"line_only\"  data-halign=\"left\" style=\"text-align:left\"><div class=\"uvc-main-heading ult-responsive\"  data-ultimate-target='.uvc-heading.ultimate-heading-379469f72cfb83435 h2'  data-responsive-json-new='{\"font-size\":\"desktop:26px;\",\"line-height\":\"desktop:36px;\"}' ><h2 style=\"font-weight:bold;\">Ambassadrice<\/h2><\/div><div class=\"uvc-heading-spacer line_only\" style=\"margin-top:15px;margin-bottom:50px;height:4px;\"><span class=\"uvc-headings-line\" style=\"border-style:solid;border-bottom-width:4px;border-color:;width:50px;\"><\/span><\/div><\/div>[vc_row_inner css=&#8221;.vc_custom_1505828795365{padding-bottom: 45px !important;}&#8221;][vc_column_inner width=&#8221;1\/3&#8243;]<style type=\"text\/css\" data-type=\"the7_shortcodes-inline-css\">.shortcode-single-image-wrap.shortcode-single-image-b5ee6be0c73857186d36a2163ddb938e.enable-bg-rollover .rollover i,\n.shortcode-single-image-wrap.shortcode-single-image-b5ee6be0c73857186d36a2163ddb938e.enable-bg-rollover .rollover-video i {\n  background: -webkit-linear-gradient();\n  background: linear-gradient();\n}\n.shortcode-single-image-wrap.shortcode-single-image-b5ee6be0c73857186d36a2163ddb938e .rollover-icon {\n  font-size: 32px;\n  color: #ffffff;\n  min-width: 44px;\n  min-height: 44px;\n  line-height: 44px;\n  border-radius: 100px;\n  border-style: solid;\n  border-width: 0px;\n}\n.dt-icon-bg-on.shortcode-single-image-wrap.shortcode-single-image-b5ee6be0c73857186d36a2163ddb938e .rollover-icon {\n  background: rgba(255,255,255,0.3);\n  box-shadow: none;\n}<\/style><div class=\"shortcode-single-image-wrap shortcode-single-image-b5ee6be0c73857186d36a2163ddb938e alignleft  vc_custom_1683031991119 enable-bg-rollover dt-icon-bg-off\" ><div class=\"shortcode-single-image\"><div class=\"fancy-media-wrap\" style=\"\"><a href=\"\" class=\" layzr-bg rollover\" style=\"\" aria-label=\"Image\"><img decoding=\"async\" class=\"preload-me lazy-load aspect\" src=\"data:image\/svg+xml,%3Csvg%20xmlns%3D&#39;http%3A%2F%2Fwww.w3.org%2F2000%2Fsvg&#39;%20viewBox%3D&#39;0%200%20180%20240&#39;%2F%3E\" data-src=\"https:\/\/www.hopp-la.ch\/wp-content\/uploads\/2019\/06\/Hoiliday-RSA-2015-678_3_4-180x240.jpg\" data-srcset=\"https:\/\/www.hopp-la.ch\/wp-content\/uploads\/2019\/06\/Hoiliday-RSA-2015-678_3_4-180x240.jpg 180w, https:\/\/www.hopp-la.ch\/wp-content\/uploads\/2019\/06\/Hoiliday-RSA-2015-678_3_4-360x480.jpg 360w\" loading=\"eager\" style=\"--ratio: 180 \/ 240\" sizes=\"(max-width: 180px) 100vw, 180px\" width=\"180\" height=\"240\"  data-dt-location=\"https:\/\/www.hopp-la.ch\/fr\/stiftung\/hoiliday-rsa-2015-678_3_4\/\" alt=\"\" \/><\/a><\/div><\/div><\/div>[\/vc_column_inner][vc_column_inner width=&#8221;2\/3&#8243;]<div id=\"ultimate-heading-679169f72cfb83e5f\" class=\"uvc-heading ult-adjust-bottom-margin ultimate-heading-679169f72cfb83e5f uvc-1001 \" data-hspacer=\"no_spacer\"  data-halign=\"left\" style=\"text-align:left\"><div class=\"uvc-heading-spacer no_spacer\" style=\"top\"><\/div><div class=\"uvc-main-heading ult-responsive\"  data-ultimate-target='.uvc-heading.ultimate-heading-679169f72cfb83e5f h2'  data-responsive-json-new='{\"font-size\":\"desktop:20px;\",\"line-height\":\"desktop:30px;\"}' ><h2 style=\"font-weight:bold;margin-top:20px;\">Lynette Federer<\/h2><\/div><div class=\"uvc-sub-heading ult-responsive\"  data-ultimate-target='.uvc-heading.ultimate-heading-679169f72cfb83e5f .uvc-sub-heading '  data-responsive-json-new='{\"font-size\":\"desktop:16px;\",\"line-height\":\"desktop:26px;\"}'  style=\"font-weight:bold;color:#bbbbbb;margin-bottom:35px;\">Ambassadrice de la fondation<\/div><\/div>[vc_column_text]M\u00e8re de Diana (1979) et de Roger (1981), grand-m\u00e8re de 6 petits-enfants (3 jumeaux), membre du conseil d&#8217;administration de la Roger Federer Foundation.[\/vc_column_text][vc_column_text el_class=&#8221;quote&#8221;]&#8221;La vision Hopp-la m&#8217;a convaincu. Notamment le lien et les activit\u00e9s entre les enfants et les seniors. En tant que grand-m\u00e8re, j&#8217;offre surtout du temps \u00e0 mes grands-enfants, et pour moi, le temps, c&#8217;est aussi la plupart du temps faire de l&#8217;exercice ensemble&#8221;.[\/vc_column_text][\/vc_column_inner][\/vc_row_inner][\/vc_column][\/vc_row][vc_row][vc_column css=&#8221;.vc_custom_1513672913240{margin-bottom: 20px !important;}&#8221;]<div id=\"ultimate-heading-43669f72cfb83e9c\" class=\"uvc-heading ult-adjust-bottom-margin ultimate-heading-43669f72cfb83e9c uvc-9137 accent-border-color\" data-hspacer=\"line_only\"  data-halign=\"left\" style=\"text-align:left\"><div class=\"uvc-main-heading ult-responsive\"  data-ultimate-target='.uvc-heading.ultimate-heading-43669f72cfb83e9c h2'  data-responsive-json-new='{\"font-size\":\"desktop:26px;\",\"line-height\":\"desktop:36px;\"}' ><h2 style=\"font-weight:bold;\">Donateurs\/-trices<\/h2><\/div><div class=\"uvc-heading-spacer line_only\" style=\"margin-top:15px;margin-bottom:50px;height:4px;\"><span class=\"uvc-headings-line\" style=\"border-style:solid;border-bottom-width:4px;border-color:;width:50px;\"><\/span><\/div><\/div>[vc_row_inner css=&#8221;.vc_custom_1505828795365{padding-bottom: 45px !important;}&#8221;][vc_column_inner width=&#8221;1\/3&#8243;]<style type=\"text\/css\" data-type=\"the7_shortcodes-inline-css\">.shortcode-single-image-wrap.shortcode-single-image-796da1733f680b7b7aa62715d1399a0c.enable-bg-rollover .rollover i,\n.shortcode-single-image-wrap.shortcode-single-image-796da1733f680b7b7aa62715d1399a0c.enable-bg-rollover .rollover-video i {\n  background: -webkit-linear-gradient();\n  background: linear-gradient();\n}\n.shortcode-single-image-wrap.shortcode-single-image-796da1733f680b7b7aa62715d1399a0c .rollover-icon {\n  font-size: 32px;\n  color: #ffffff;\n  min-width: 44px;\n  min-height: 44px;\n  line-height: 44px;\n  border-radius: 100px;\n  border-style: solid;\n  border-width: 0px;\n}\n.dt-icon-bg-on.shortcode-single-image-wrap.shortcode-single-image-796da1733f680b7b7aa62715d1399a0c .rollover-icon {\n  background: rgba(255,255,255,0.3);\n  box-shadow: none;\n}<\/style><div class=\"shortcode-single-image-wrap shortcode-single-image-796da1733f680b7b7aa62715d1399a0c alignleft  enable-bg-rollover dt-icon-bg-off\" style=\"margin-top:0px; margin-bottom:0px; margin-left:0px; margin-right:0px; width:180px;\"><div class=\"shortcode-single-image\"><div class=\"fancy-media-wrap  layzr-bg\" style=\"\"><img decoding=\"async\" class=\"preload-me lazy-load aspect\" src=\"data:image\/svg+xml,%3Csvg%20xmlns%3D&#39;http%3A%2F%2Fwww.w3.org%2F2000%2Fsvg&#39;%20viewBox%3D&#39;0%200%20180%20240&#39;%2F%3E\" data-src=\"https:\/\/www.hopp-la.ch\/wp-content\/uploads\/2016\/06\/Bisang_Martin_031.jpg\" data-srcset=\"https:\/\/www.hopp-la.ch\/wp-content\/uploads\/2016\/06\/Bisang_Martin_031.jpg 180w\" loading=\"eager\" sizes=\"(max-width: 180px) 100vw, 180px\" width=\"180\" height=\"240\"  data-dt-location=\"https:\/\/www.hopp-la.ch\/fr\/stiftung\/bisang_martin_031\/\" style=\"--ratio: 180 \/ 240;\" alt=\"\" \/><\/div><\/div><\/div>[\/vc_column_inner][vc_column_inner width=&#8221;2\/3&#8243;]<div id=\"ultimate-heading-567569f72cfb84839\" class=\"uvc-heading ult-adjust-bottom-margin ultimate-heading-567569f72cfb84839 uvc-6576 \" data-hspacer=\"no_spacer\"  data-halign=\"left\" style=\"text-align:left\"><div class=\"uvc-heading-spacer no_spacer\" style=\"top\"><\/div><div class=\"uvc-main-heading ult-responsive\"  data-ultimate-target='.uvc-heading.ultimate-heading-567569f72cfb84839 h2'  data-responsive-json-new='{\"font-size\":\"desktop:20px;\",\"line-height\":\"desktop:30px;\"}' ><h2 style=\"font-weight:bold;\">Martin Bisang<\/h2><\/div><div class=\"uvc-sub-heading ult-responsive\"  data-ultimate-target='.uvc-heading.ultimate-heading-567569f72cfb84839 .uvc-sub-heading '  data-responsive-json-new='{\"font-size\":\"desktop:16px;\",\"line-height\":\"desktop:26px;\"}'  style=\"font-weight:bold;color:#bbbbbb;margin-bottom:20px;\">Fondateur, promoteur et moteur de la fondation<\/div><\/div>[vc_column_text]Martin Bisang est membre fondateur, m\u00e9c\u00e8ne et soutien de la fondation Hopp-la. Sans son engagement, son r\u00e9seau et son g\u00e9n\u00e9reux soutien, la fondation ne serait pas l\u00e0 o\u00f9 elle est aujourd&#8217;hui. Il a marqu\u00e9 les dix premi\u00e8res ann\u00e9es de la fondation.[\/vc_column_text][\/vc_column_inner][\/vc_row_inner][vc_row_inner css=&#8221;.vc_custom_1505828795365{padding-bottom: 45px !important;}&#8221;][vc_column_inner width=&#8221;1\/3&#8243;]<style type=\"text\/css\" data-type=\"the7_shortcodes-inline-css\">.shortcode-single-image-wrap.shortcode-single-image-df3253ebd49f6655cf55a29c5061d8cd.enable-bg-rollover .rollover i,\n.shortcode-single-image-wrap.shortcode-single-image-df3253ebd49f6655cf55a29c5061d8cd.enable-bg-rollover .rollover-video i {\n  background: -webkit-linear-gradient();\n  background: linear-gradient();\n}\n.shortcode-single-image-wrap.shortcode-single-image-df3253ebd49f6655cf55a29c5061d8cd .rollover-icon {\n  font-size: 32px;\n  color: #ffffff;\n  min-width: 44px;\n  min-height: 44px;\n  line-height: 44px;\n  border-radius: 100px;\n  border-style: solid;\n  border-width: 0px;\n}\n.dt-icon-bg-on.shortcode-single-image-wrap.shortcode-single-image-df3253ebd49f6655cf55a29c5061d8cd .rollover-icon {\n  background: rgba(255,255,255,0.3);\n  box-shadow: none;\n}<\/style><div class=\"shortcode-single-image-wrap shortcode-single-image-df3253ebd49f6655cf55a29c5061d8cd alignleft  enable-bg-rollover dt-icon-bg-off\" style=\"margin-top:0px; margin-bottom:0px; margin-left:0px; margin-right:0px; width:180px;\"><div class=\"shortcode-single-image\"><div class=\"fancy-media-wrap  layzr-bg\" style=\"\"><img decoding=\"async\" class=\"preload-me lazy-load aspect\" src=\"data:image\/svg+xml,%3Csvg%20xmlns%3D&#39;http%3A%2F%2Fwww.w3.org%2F2000%2Fsvg&#39;%20viewBox%3D&#39;0%200%20180%20240&#39;%2F%3E\" data-src=\"https:\/\/www.hopp-la.ch\/wp-content\/uploads\/2023\/05\/hansjoerg_wyss_ausschnitt_schiefer-180x240.jpg\" data-srcset=\"https:\/\/www.hopp-la.ch\/wp-content\/uploads\/2023\/05\/hansjoerg_wyss_ausschnitt_schiefer-180x240.jpg 180w, https:\/\/www.hopp-la.ch\/wp-content\/uploads\/2023\/05\/hansjoerg_wyss_ausschnitt_schiefer-183x245.jpg 183w\" loading=\"eager\" sizes=\"(max-width: 180px) 100vw, 180px\" width=\"180\" height=\"240\"  data-dt-location=\"https:\/\/www.hopp-la.ch\/fr\/hansjoerg_wyss_ausschnitt_schiefer\/\" style=\"--ratio: 180 \/ 240;\" alt=\"\" \/><\/div><\/div><\/div>[\/vc_column_inner][vc_column_inner width=&#8221;2\/3&#8243;]<div id=\"ultimate-heading-490469f72cfb85184\" class=\"uvc-heading ult-adjust-bottom-margin ultimate-heading-490469f72cfb85184 uvc-5868 \" data-hspacer=\"no_spacer\"  data-halign=\"left\" style=\"text-align:left\"><div class=\"uvc-heading-spacer no_spacer\" style=\"top\"><\/div><div class=\"uvc-main-heading ult-responsive\"  data-ultimate-target='.uvc-heading.ultimate-heading-490469f72cfb85184 h2'  data-responsive-json-new='{\"font-size\":\"desktop:20px;\",\"line-height\":\"desktop:30px;\"}' ><h2 style=\"font-weight:bold;\">Hansj\u00f6rg Wyss<\/h2><\/div><div class=\"uvc-sub-heading ult-responsive\"  data-ultimate-target='.uvc-heading.ultimate-heading-490469f72cfb85184 .uvc-sub-heading '  data-responsive-json-new='{\"font-size\":\"desktop:16px;\",\"line-height\":\"desktop:26px;\"}'  style=\"font-weight:bold;color:#bbbbbb;margin-bottom:20px;\">Donateur<\/div><\/div>[vc_column_text]Hansj\u00f6rg Wyss a permis \u00e0 la fondation de cr\u00e9er un fonds d&#8217;investissement gr\u00e2ce \u00e0 un don important. Il permet d&#8217;octroyer des financements de d\u00e9part aux porteurs de projets qui souhaitent cr\u00e9er un espace d&#8217;activit\u00e9 physique interg\u00e9n\u00e9rationnel dans leur commune\/organisation.[\/vc_column_text][\/vc_column_inner][\/vc_row_inner][\/vc_column][\/vc_row][vc_row][vc_column css=&#8221;.vc_custom_1513672913240{margin-bottom: 20px !important;}&#8221;]<div id=\"ultimate-heading-980369f72cfb851c0\" class=\"uvc-heading ult-adjust-bottom-margin ultimate-heading-980369f72cfb851c0 uvc-9879 accent-border-color\" data-hspacer=\"line_only\"  data-halign=\"left\" style=\"text-align:left\"><div class=\"uvc-main-heading ult-responsive\"  data-ultimate-target='.uvc-heading.ultimate-heading-980369f72cfb851c0 h2'  data-responsive-json-new='{\"font-size\":\"desktop:26px;\",\"line-height\":\"desktop:36px;\"}' ><h2 style=\"font-weight:bold;\">Equipe de la Fondation<\/h2><\/div><div class=\"uvc-heading-spacer line_only\" style=\"margin-top:15px;margin-bottom:50px;height:4px;\"><span class=\"uvc-headings-line\" style=\"border-style:solid;border-bottom-width:4px;border-color:;width:50px;\"><\/span><\/div><\/div>[vc_row_inner css=&#8221;.vc_custom_1505828795365{padding-bottom: 45px !important;}&#8221;][vc_column_inner width=&#8221;1\/3&#8243;]<style type=\"text\/css\" data-type=\"the7_shortcodes-inline-css\">.shortcode-single-image-wrap.shortcode-single-image-3c647a77c5d0d3f3cb7a0e3a66807fd6.enable-bg-rollover .rollover i,\n.shortcode-single-image-wrap.shortcode-single-image-3c647a77c5d0d3f3cb7a0e3a66807fd6.enable-bg-rollover .rollover-video i {\n  background: -webkit-linear-gradient();\n  background: linear-gradient();\n}\n.shortcode-single-image-wrap.shortcode-single-image-3c647a77c5d0d3f3cb7a0e3a66807fd6 .rollover-icon {\n  font-size: 32px;\n  color: #ffffff;\n  min-width: 44px;\n  min-height: 44px;\n  line-height: 44px;\n  border-radius: 100px;\n  border-style: solid;\n  border-width: 0px;\n}\n.dt-icon-bg-on.shortcode-single-image-wrap.shortcode-single-image-3c647a77c5d0d3f3cb7a0e3a66807fd6 .rollover-icon {\n  background: rgba(255,255,255,0.3);\n  box-shadow: none;\n}<\/style><div class=\"shortcode-single-image-wrap shortcode-single-image-3c647a77c5d0d3f3cb7a0e3a66807fd6 alignleft  enable-bg-rollover dt-icon-bg-off\" style=\"margin-top:0px; margin-bottom:0px; margin-left:0px; margin-right:0px; width:180px;\"><div class=\"shortcode-single-image\"><div class=\"fancy-media-wrap  layzr-bg\" style=\"\"><img decoding=\"async\" class=\"preload-me lazy-load aspect\" src=\"data:image\/svg+xml,%3Csvg%20xmlns%3D&#39;http%3A%2F%2Fwww.w3.org%2F2000%2Fsvg&#39;%20viewBox%3D&#39;0%200%20180%20240&#39;%2F%3E\" data-src=\"https:\/\/www.hopp-la.ch\/wp-content\/uploads\/2024\/06\/Portrait_Ihsbel_schwarzweiss-180x240.jpg\" data-srcset=\"https:\/\/www.hopp-la.ch\/wp-content\/uploads\/2024\/06\/Portrait_Ihsbel_schwarzweiss-180x240.jpg 180w, https:\/\/www.hopp-la.ch\/wp-content\/uploads\/2024\/06\/Portrait_Ihsbel_schwarzweiss-360x480.jpg 360w\" loading=\"eager\" sizes=\"(max-width: 180px) 100vw, 180px\" width=\"180\" height=\"240\"  data-dt-location=\"https:\/\/www.hopp-la.ch\/fr\/portrait_ihsbel_schwarzweiss-2\/\" style=\"--ratio: 180 \/ 240;\" alt=\"\" \/><\/div><\/div><\/div>[\/vc_column_inner][vc_column_inner width=&#8221;2\/3&#8243;]<div id=\"ultimate-heading-74169f72cfb85c73\" class=\"uvc-heading ult-adjust-bottom-margin ultimate-heading-74169f72cfb85c73 uvc-1713 \" data-hspacer=\"no_spacer\"  data-halign=\"left\" style=\"text-align:left\"><div class=\"uvc-heading-spacer no_spacer\" style=\"top\"><\/div><div class=\"uvc-main-heading ult-responsive\"  data-ultimate-target='.uvc-heading.ultimate-heading-74169f72cfb85c73 h2'  data-responsive-json-new='{\"font-size\":\"desktop:20px;\",\"line-height\":\"desktop:30px;\"}' ><h2 style=\"font-weight:bold;\">Ishbel Ingram<\/h2><\/div><div class=\"uvc-sub-heading ult-responsive\"  data-ultimate-target='.uvc-heading.ultimate-heading-74169f72cfb85c73 .uvc-sub-heading '  data-responsive-json-new='{\"font-size\":\"desktop:16px;\",\"line-height\":\"desktop:26px;\"}'  style=\"font-weight:bold;color:#bbbbbb;margin-bottom:20px;\">Cheffe des projets<\/div><\/div>[vc_column_text]Bachelor en sport, mouvement et sant\u00e9 \u00e0 l&#8217;Universit\u00e9 de B\u00e2le et dipl\u00f4me de master de l&#8217;Universit\u00e9 d&#8217;Exeter (UK) en Exercise and Health Science. Exp\u00e9rience dans diff\u00e9rents domaines de la recherche en sciences du sport et dans la promotion de la sant\u00e9 et la pr\u00e9vention en tant que collaboratrice du CAS Personal Health Coach.[\/vc_column_text]<div class=\"aio-icon-component  vc_custom_1730368198406   style_1\"><div id=\"Info-box-wrap-2049\" class=\"aio-icon-box default-icon\" style=\"\"  ><div class=\"aio-icon-header\" ><h3 class=\"aio-icon-title ult-responsive\"  data-ultimate-target='#Info-box-wrap-2049 .aio-icon-title'  data-responsive-json-new='{\"font-size\":\"desktop:12px;\",\"line-height\":\"desktop:22px;\"}'  style=\"font-weight:bold;\">ishbel.ingram@hopp-la.ch<\/h3><\/div> <!-- header --><\/div> <!-- aio-icon-box --><\/div> <!-- aio-icon-component --><div class=\"aio-icon-component  vc_custom_1730368258363   style_1\"><div id=\"Info-box-wrap-8921\" class=\"aio-icon-box default-icon\" style=\"\"  ><div class=\"aio-icon-header\" ><h3 class=\"aio-icon-title ult-responsive\"  data-ultimate-target='#Info-box-wrap-8921 .aio-icon-title'  data-responsive-json-new='{\"font-size\":\"desktop:12px;\",\"line-height\":\"desktop:22px;\"}'  style=\"font-weight:bold;\">T\u00e9l\u00e9phone +41 31 310 54 45 \/ direct +41 31 310 54 48<\/h3><\/div> <!-- header --><\/div> <!-- aio-icon-box --><\/div> <!-- aio-icon-component -->[vc_column_text el_class=&#8221;quote&#8221;]&#8221;J&#8217;ai d\u00e9couvert la fondation Hopp-la pour la premi\u00e8re fois au Sch\u00fctzenmattpark pendant mes \u00e9tudes de bachelor \u00e0 l&#8217;Universit\u00e9 de B\u00e2le. Maintenant, je me r\u00e9jouis de contribuer \u00e0 la propagation de cette promotion de l&#8217;activit\u00e9 physique interg\u00e9n\u00e9rationnelle et de soutenir la fondation Hopp-la dans sa mission d&#8217;am\u00e9lioration de la sant\u00e9 et de la qualit\u00e9 de vie des jeunes et des moins jeunes&#8221;.[\/vc_column_text][\/vc_column_inner][\/vc_row_inner][vc_row_inner css=&#8221;.vc_custom_1505828795365{padding-bottom: 45px !important;}&#8221;][vc_column_inner width=&#8221;1\/3&#8243;]<style type=\"text\/css\" data-type=\"the7_shortcodes-inline-css\">.shortcode-single-image-wrap.shortcode-single-image-699ad67372d7b64037a53ccde368ce95.enable-bg-rollover .rollover i,\n.shortcode-single-image-wrap.shortcode-single-image-699ad67372d7b64037a53ccde368ce95.enable-bg-rollover .rollover-video i {\n  background: -webkit-linear-gradient();\n  background: linear-gradient();\n}\n.shortcode-single-image-wrap.shortcode-single-image-699ad67372d7b64037a53ccde368ce95 .rollover-icon {\n  font-size: 32px;\n  color: #ffffff;\n  min-width: 44px;\n  min-height: 44px;\n  line-height: 44px;\n  border-radius: 100px;\n  border-style: solid;\n  border-width: 0px;\n}\n.dt-icon-bg-on.shortcode-single-image-wrap.shortcode-single-image-699ad67372d7b64037a53ccde368ce95 .rollover-icon {\n  background: rgba(255,255,255,0.3);\n  box-shadow: none;\n}<\/style><div class=\"shortcode-single-image-wrap shortcode-single-image-699ad67372d7b64037a53ccde368ce95 alignleft  enable-bg-rollover dt-icon-bg-off\" style=\"margin-top:0px; margin-bottom:0px; margin-left:0px; margin-right:0px; width:180px;\"><div class=\"shortcode-single-image\"><div class=\"fancy-media-wrap  layzr-bg\" style=\"\"><img decoding=\"async\" class=\"preload-me lazy-load aspect\" src=\"data:image\/svg+xml,%3Csvg%20xmlns%3D&#39;http%3A%2F%2Fwww.w3.org%2F2000%2Fsvg&#39;%20viewBox%3D&#39;0%200%20180%20240&#39;%2F%3E\" data-src=\"https:\/\/www.hopp-la.ch\/wp-content\/uploads\/2024\/06\/Portarit_2_david-schwarzweiss-180x240.jpg\" data-srcset=\"https:\/\/www.hopp-la.ch\/wp-content\/uploads\/2024\/06\/Portarit_2_david-schwarzweiss-180x240.jpg 180w, https:\/\/www.hopp-la.ch\/wp-content\/uploads\/2024\/06\/Portarit_2_david-schwarzweiss-360x480.jpg 360w\" loading=\"eager\" sizes=\"(max-width: 180px) 100vw, 180px\" width=\"180\" height=\"240\"  data-dt-location=\"https:\/\/www.hopp-la.ch\/fr\/portarit_2_david-schwarzweiss-2\/\" style=\"--ratio: 180 \/ 240;\" alt=\"\" \/><\/div><\/div><\/div>[\/vc_column_inner][vc_column_inner width=&#8221;2\/3&#8243;]<div id=\"ultimate-heading-178169f72cfb8680f\" class=\"uvc-heading ult-adjust-bottom-margin ultimate-heading-178169f72cfb8680f uvc-6456 \" data-hspacer=\"no_spacer\"  data-halign=\"left\" style=\"text-align:left\"><div class=\"uvc-heading-spacer no_spacer\" style=\"top\"><\/div><div class=\"uvc-main-heading ult-responsive\"  data-ultimate-target='.uvc-heading.ultimate-heading-178169f72cfb8680f h2'  data-responsive-json-new='{\"font-size\":\"desktop:20px;\",\"line-height\":\"desktop:30px;\"}' ><h2 style=\"font-weight:bold;\">David Moser<\/h2><\/div><div class=\"uvc-sub-heading ult-responsive\"  data-ultimate-target='.uvc-heading.ultimate-heading-178169f72cfb8680f .uvc-sub-heading '  data-responsive-json-new='{\"font-size\":\"desktop:16px;\",\"line-height\":\"desktop:26px;\"}'  style=\"font-weight:bold;color:#bbbbbb;margin-bottom:20px;\">Directeur adjoint et Chef de projet<\/div><\/div>[vc_column_text]Master of Science (MSc) en sport et sciences du sport \u00e0 l&#8217;universit\u00e9 de B\u00e2le. Formation continue &#8220;Training et Coaching&#8221; \u00e0 l&#8217;EPFZ et formation &#8220;Communication transculturelle &amp; M\u00e9diation&#8221; \u00e0 l&#8217;IKF de Lucerne. Professeur de sport \u00e0 tous les niveaux scolaires, moniteur d&#8217;aquafit pour seniors*, direction de projet Talente Eye Zurich, responsable de la formation des moniteurs J+S* du canton de Berne, cr\u00e9ation du Kids Sport Day dans la ville de Berne. Coach et joueur de l&#8217;\u00e9quipe nationale d&#8217;Ultimate Frisbee.<br \/>\nDepuis juin 2024, collaborateur de projet de la fondation Hopp-la.[\/vc_column_text]<div class=\"aio-icon-component  vc_custom_1718713651787   style_1\"><div id=\"Info-box-wrap-2563\" class=\"aio-icon-box default-icon\" style=\"\"  ><div class=\"aio-icon-header\" ><h3 class=\"aio-icon-title ult-responsive\"  data-ultimate-target='#Info-box-wrap-2563 .aio-icon-title'  data-responsive-json-new='{\"font-size\":\"desktop:12px;\",\"line-height\":\"desktop:22px;\"}'  style=\"font-weight:bold;\">david.moser@hopp-la.ch<\/h3><\/div> <!-- header --><\/div> <!-- aio-icon-box --><\/div> <!-- aio-icon-component --><div class=\"aio-icon-component  vc_custom_1718713679471   style_1\"><div id=\"Info-box-wrap-9845\" class=\"aio-icon-box default-icon\" style=\"\"  ><div class=\"aio-icon-header\" ><h3 class=\"aio-icon-title ult-responsive\"  data-ultimate-target='#Info-box-wrap-9845 .aio-icon-title'  data-responsive-json-new='{\"font-size\":\"desktop:12px;\",\"line-height\":\"desktop:22px;\"}'  style=\"font-weight:bold;\">T\u00e9l\u00e9phone +41 31 310 54 45 \/ direct +41 31 310 54 42<\/h3><\/div> <!-- header --><\/div> <!-- aio-icon-box --><\/div> <!-- aio-icon-component -->[vc_column_text el_class=&#8221;quote&#8221;]&#8221;Jeunes et vieux sont tr\u00e8s intelligents<br \/>\njouer ensemble oui exactement<br \/>\nun rire par-ci, une sueur par-l\u00e0<br \/>\nsatisfait en un clin d&#8217;\u0153il &#8211; Hopp-la !&#8221;[\/vc_column_text][\/vc_column_inner][\/vc_row_inner][vc_row_inner css=&#8221;.vc_custom_1505828795365{padding-bottom: 45px !important;}&#8221;][vc_column_inner width=&#8221;1\/3&#8243;]<style type=\"text\/css\" data-type=\"the7_shortcodes-inline-css\">.shortcode-single-image-wrap.shortcode-single-image-6e3fa1347f0f80c6677b58d5f1d9820a.enable-bg-rollover .rollover i,\n.shortcode-single-image-wrap.shortcode-single-image-6e3fa1347f0f80c6677b58d5f1d9820a.enable-bg-rollover .rollover-video i {\n  background: -webkit-linear-gradient();\n  background: linear-gradient();\n}\n.shortcode-single-image-wrap.shortcode-single-image-6e3fa1347f0f80c6677b58d5f1d9820a .rollover-icon {\n  font-size: 32px;\n  color: #ffffff;\n  min-width: 44px;\n  min-height: 44px;\n  line-height: 44px;\n  border-radius: 100px;\n  border-style: solid;\n  border-width: 0px;\n}\n.dt-icon-bg-on.shortcode-single-image-wrap.shortcode-single-image-6e3fa1347f0f80c6677b58d5f1d9820a .rollover-icon {\n  background: rgba(255,255,255,0.3);\n  box-shadow: none;\n}<\/style><div class=\"shortcode-single-image-wrap shortcode-single-image-6e3fa1347f0f80c6677b58d5f1d9820a alignleft  enable-bg-rollover dt-icon-bg-off\" style=\"margin-top:0px; margin-bottom:0px; margin-left:0px; margin-right:0px; width:180px;\"><div class=\"shortcode-single-image\"><div class=\"fancy-media-wrap  layzr-bg\" style=\"\"><img decoding=\"async\" class=\"preload-me lazy-load aspect\" src=\"data:image\/svg+xml,%3Csvg%20xmlns%3D&#39;http%3A%2F%2Fwww.w3.org%2F2000%2Fsvg&#39;%20viewBox%3D&#39;0%200%20180%20240&#39;%2F%3E\" data-src=\"https:\/\/www.hopp-la.ch\/wp-content\/uploads\/2025\/02\/Lepage-Anne-Laure-03-10x15-002-schwarzweiss-180x240.jpg\" data-srcset=\"https:\/\/www.hopp-la.ch\/wp-content\/uploads\/2025\/02\/Lepage-Anne-Laure-03-10x15-002-schwarzweiss-180x240.jpg 180w, https:\/\/www.hopp-la.ch\/wp-content\/uploads\/2025\/02\/Lepage-Anne-Laure-03-10x15-002-schwarzweiss-360x480.jpg 360w\" loading=\"eager\" sizes=\"(max-width: 180px) 100vw, 180px\" width=\"180\" height=\"240\"  data-dt-location=\"https:\/\/www.hopp-la.ch\/fr\/lepage-anne-laure-03-10x15-002-schwarzweiss-2\/\" style=\"--ratio: 180 \/ 240;\" alt=\"\" \/><\/div><\/div><\/div>[\/vc_column_inner][vc_column_inner width=&#8221;2\/3&#8243;]<div id=\"ultimate-heading-878769f72cfb873c7\" class=\"uvc-heading ult-adjust-bottom-margin ultimate-heading-878769f72cfb873c7 uvc-9329 \" data-hspacer=\"no_spacer\"  data-halign=\"left\" style=\"text-align:left\"><div class=\"uvc-heading-spacer no_spacer\" style=\"top\"><\/div><div class=\"uvc-main-heading ult-responsive\"  data-ultimate-target='.uvc-heading.ultimate-heading-878769f72cfb873c7 h2'  data-responsive-json-new='{\"font-size\":\"desktop:20px;\",\"line-height\":\"desktop:30px;\"}' ><h2 style=\"font-weight:bold;\">Anne-Laure Lepage<\/h2><\/div><div class=\"uvc-sub-heading ult-responsive\"  data-ultimate-target='.uvc-heading.ultimate-heading-878769f72cfb873c7 .uvc-sub-heading '  data-responsive-json-new='{\"font-size\":\"desktop:16px;\",\"line-height\":\"desktop:26px;\"}'  style=\"font-weight:bold;color:#bbbbbb;margin-bottom:20px;\">Cheffe de projet<\/div><\/div>[vc_column_text css=&#8221;&#8221;]Master en histoire \u00e0 l&#8217;Universit\u00e9 de Tours (FR) et Marburg (DE), Dipl\u00f4me de l&#8217;\u00e9cole p\u00e9dagogique pour le niveau secondaire &#8211; Strasbourg (FR), Master en urbanisme \u00e0 l&#8217;Universit\u00e9 de Gen\u00e8ve (CH). Exp\u00e9rience dans la planification d&#8217;espaces publics dans les communes et les villes au niveau strat\u00e9gique et op\u00e9rationnel. Encourage la participation de toutes les g\u00e9n\u00e9rations dans les projets.<\/p>\n<p>[\/vc_column_text]<div class=\"aio-icon-component  vc_custom_1739441732410   style_1\"><div id=\"Info-box-wrap-6053\" class=\"aio-icon-box default-icon\" style=\"\"  ><div class=\"aio-icon-header\" ><h3 class=\"aio-icon-title ult-responsive\"  data-ultimate-target='#Info-box-wrap-6053 .aio-icon-title'  data-responsive-json-new='{\"font-size\":\"desktop:12px;\",\"line-height\":\"desktop:22px;\"}'  style=\"font-weight:bold;\">anne-laure.lepage@hopp-la.ch<\/h3><\/div> <!-- header --><\/div> <!-- aio-icon-box --><\/div> <!-- aio-icon-component --><div class=\"aio-icon-component  vc_custom_1739441745346   style_1\"><div id=\"Info-box-wrap-6654\" class=\"aio-icon-box default-icon\" style=\"\"  ><div class=\"aio-icon-header\" ><h3 class=\"aio-icon-title ult-responsive\"  data-ultimate-target='#Info-box-wrap-6654 .aio-icon-title'  data-responsive-json-new='{\"font-size\":\"desktop:12px;\",\"line-height\":\"desktop:22px;\"}'  style=\"font-weight:bold;\">T\u00e9l\u00e9phone +41 31 310 54 45 \/ direct +41 31 310 54 46<\/h3><\/div> <!-- header --><\/div> <!-- aio-icon-box --><\/div> <!-- aio-icon-component -->[vc_column_text css=&#8221;&#8221; el_class=&#8221;quote&#8221;]\u00ab J&#8217;ai connu la Fondation Hopp-la en tant que cheffe de projet pour l&#8217;am\u00e9nagement d&#8217;un espace public interg\u00e9n\u00e9rationnel \u00e0 Yverdon-les-Bains. Je n&#8217;oublierai jamais les moments forts de proximit\u00e9 entre les seniors et les enfants lors d&#8217;activit\u00e9s communes et lorsqu&#8217;ils dessinaient leurs souhaits pour ce parc. Je r\u00eave de pouvoir me promener dans les espaces publics de Suisse romande et de voir les enfants et les seniors bouger, rire et se rencontrer \u00bb.<\/p>\n<p>[\/vc_column_text][\/vc_column_inner][\/vc_row_inner][vc_row_inner css=&#8221;.vc_custom_1505828795365{padding-bottom: 45px !important;}&#8221;][vc_column_inner width=&#8221;1\/3&#8243;]<style type=\"text\/css\" data-type=\"the7_shortcodes-inline-css\">.shortcode-single-image-wrap.shortcode-single-image-3dccae5fae0f19a8040bfadb9b074117.enable-bg-rollover .rollover i,\n.shortcode-single-image-wrap.shortcode-single-image-3dccae5fae0f19a8040bfadb9b074117.enable-bg-rollover .rollover-video i {\n  background: -webkit-linear-gradient();\n  background: linear-gradient();\n}\n.shortcode-single-image-wrap.shortcode-single-image-3dccae5fae0f19a8040bfadb9b074117 .rollover-icon {\n  font-size: 32px;\n  color: #ffffff;\n  min-width: 44px;\n  min-height: 44px;\n  line-height: 44px;\n  border-radius: 100px;\n  border-style: solid;\n  border-width: 0px;\n}\n.dt-icon-bg-on.shortcode-single-image-wrap.shortcode-single-image-3dccae5fae0f19a8040bfadb9b074117 .rollover-icon {\n  background: rgba(255,255,255,0.3);\n  box-shadow: none;\n}<\/style><div class=\"shortcode-single-image-wrap shortcode-single-image-3dccae5fae0f19a8040bfadb9b074117 alignleft  enable-bg-rollover dt-icon-bg-off\" style=\"margin-top:0px; margin-bottom:0px; margin-left:0px; margin-right:0px; width:180px;\"><div class=\"shortcode-single-image\"><div class=\"fancy-media-wrap  layzr-bg\" style=\"\"><img decoding=\"async\" class=\"preload-me lazy-load aspect\" src=\"data:image\/svg+xml,%3Csvg%20xmlns%3D&#39;http%3A%2F%2Fwww.w3.org%2F2000%2Fsvg&#39;%20viewBox%3D&#39;0%200%20180%20240&#39;%2F%3E\" data-src=\"https:\/\/www.hopp-la.ch\/wp-content\/uploads\/2023\/04\/Bild-Funk_duplex_schiefer-180x240.jpg\" data-srcset=\"https:\/\/www.hopp-la.ch\/wp-content\/uploads\/2023\/04\/Bild-Funk_duplex_schiefer-180x240.jpg 180w, https:\/\/www.hopp-la.ch\/wp-content\/uploads\/2023\/04\/Bild-Funk_duplex_schiefer-360x480.jpg 360w\" loading=\"eager\" sizes=\"(max-width: 180px) 100vw, 180px\" width=\"180\" height=\"240\"  data-dt-location=\"https:\/\/www.hopp-la.ch\/fr\/bild-funk_duplex_schiefer\/\" style=\"--ratio: 180 \/ 240;\" alt=\"\" \/><\/div><\/div><\/div>[\/vc_column_inner][vc_column_inner width=&#8221;2\/3&#8243;]<div id=\"ultimate-heading-726769f72cfb87df1\" class=\"uvc-heading ult-adjust-bottom-margin ultimate-heading-726769f72cfb87df1 uvc-2706 \" data-hspacer=\"no_spacer\"  data-halign=\"left\" style=\"text-align:left\"><div class=\"uvc-heading-spacer no_spacer\" style=\"top\"><\/div><div class=\"uvc-main-heading ult-responsive\"  data-ultimate-target='.uvc-heading.ultimate-heading-726769f72cfb87df1 h2'  data-responsive-json-new='{\"font-size\":\"desktop:20px;\",\"line-height\":\"desktop:30px;\"}' ><h2 style=\"font-weight:bold;\">Lars Funk<\/h2><\/div><div class=\"uvc-sub-heading ult-responsive\"  data-ultimate-target='.uvc-heading.ultimate-heading-726769f72cfb87df1 .uvc-sub-heading '  data-responsive-json-new='{\"font-size\":\"desktop:16px;\",\"line-height\":\"desktop:26px;\"}'  style=\"font-weight:bold;color:#bbbbbb;margin-bottom:20px;\">Directeur<\/div><\/div>[vc_column_text]Consultant pour les organisations \u00e0 but non lucratif. Dipl\u00f4me de manager d&#8217;association \u00e0 l&#8217;Institut de gestion des associations (VMI) de l&#8217;universit\u00e9 de Fribourg. Mandats de conseil pour les NPO, ax\u00e9s sur le d\u00e9veloppement de l&#8217;organisation et du personnel.[\/vc_column_text]<div class=\"aio-icon-component  vc_custom_1683717199045   style_1\"><div id=\"Info-box-wrap-2543\" class=\"aio-icon-box default-icon\" style=\"\"  ><div class=\"aio-icon-header\" ><h3 class=\"aio-icon-title ult-responsive\"  data-ultimate-target='#Info-box-wrap-2543 .aio-icon-title'  data-responsive-json-new='{\"font-size\":\"desktop:12px;\",\"line-height\":\"desktop:22px;\"}'  style=\"font-weight:bold;\">lars.funk@hopp-la.ch<\/h3><\/div> <!-- header --><\/div> <!-- aio-icon-box --><\/div> <!-- aio-icon-component --><div class=\"aio-icon-component  vc_custom_1683717672834   style_1\"><div id=\"Info-box-wrap-2908\" class=\"aio-icon-box default-icon\" style=\"\"  ><div class=\"aio-icon-header\" ><h4 class=\"aio-icon-title ult-responsive\"  data-ultimate-target='#Info-box-wrap-2908 .aio-icon-title'  data-responsive-json-new='{\"font-size\":\"desktop:12px;\",\"line-height\":\"desktop:22px;\"}'  style=\"font-weight:bold;\">T\u00e9l\u00e9phone +41 31 310 54 45<\/h4><\/div> <!-- header --><\/div> <!-- aio-icon-box --><\/div> <!-- aio-icon-component -->[vc_column_text el_class=&#8221;quote&#8221;]&#8221;Pour moi, il est absolument fascinant de voir tout ce que Hopp-la a d\u00e9j\u00e0 &#8220;fait bouger&#8221; jusqu&#8217;\u00e0 pr\u00e9sent, au sens propre du terme. Je me r\u00e9jouis de pouvoir contribuer \u00e0 mettre d\u00e9sormais \u00e0 disposition dans toute la Suisse les connaissances et les exp\u00e9riences accumul\u00e9es, afin de motiver encore plus de personnes \u00e0 pratiquer une activit\u00e9 physique r\u00e9guli\u00e8re&#8221;.[\/vc_column_text][\/vc_column_inner][\/vc_row_inner][vc_row_inner css=&#8221;.vc_custom_1505828795365{padding-bottom: 45px !important;}&#8221;][vc_column_inner width=&#8221;1\/3&#8243;]<style type=\"text\/css\" data-type=\"the7_shortcodes-inline-css\">.shortcode-single-image-wrap.shortcode-single-image-45bfc6dda367f9e938d19b36e0823180.enable-bg-rollover .rollover i,\n.shortcode-single-image-wrap.shortcode-single-image-45bfc6dda367f9e938d19b36e0823180.enable-bg-rollover .rollover-video i {\n  background: -webkit-linear-gradient();\n  background: linear-gradient();\n}\n.shortcode-single-image-wrap.shortcode-single-image-45bfc6dda367f9e938d19b36e0823180 .rollover-icon {\n  font-size: 32px;\n  color: #ffffff;\n  min-width: 44px;\n  min-height: 44px;\n  line-height: 44px;\n  border-radius: 100px;\n  border-style: solid;\n  border-width: 0px;\n}\n.dt-icon-bg-on.shortcode-single-image-wrap.shortcode-single-image-45bfc6dda367f9e938d19b36e0823180 .rollover-icon {\n  background: rgba(255,255,255,0.3);\n  box-shadow: none;\n}<\/style><div class=\"shortcode-single-image-wrap shortcode-single-image-45bfc6dda367f9e938d19b36e0823180 alignleft  enable-bg-rollover dt-icon-bg-off\" style=\"margin-top:0px; margin-bottom:0px; margin-left:0px; margin-right:0px; width:180px;\"><div class=\"shortcode-single-image\"><div class=\"fancy-media-wrap  layzr-bg\" style=\"\"><img decoding=\"async\" class=\"preload-me lazy-load aspect\" src=\"data:image\/svg+xml,%3Csvg%20xmlns%3D&#39;http%3A%2F%2Fwww.w3.org%2F2000%2Fsvg&#39;%20viewBox%3D&#39;0%200%20180%20240&#39;%2F%3E\" data-src=\"https:\/\/www.hopp-la.ch\/wp-content\/uploads\/2022\/04\/CPLD7382b-180x240.jpg\" data-srcset=\"https:\/\/www.hopp-la.ch\/wp-content\/uploads\/2022\/04\/CPLD7382b-180x240.jpg 180w, https:\/\/www.hopp-la.ch\/wp-content\/uploads\/2022\/04\/CPLD7382b-360x480.jpg 360w\" loading=\"eager\" sizes=\"(max-width: 180px) 100vw, 180px\" width=\"180\" height=\"240\"  data-dt-location=\"https:\/\/www.hopp-la.ch\/fr\/cpld7382b\/\" style=\"--ratio: 180 \/ 240;\" alt=\"\" \/><\/div><\/div><\/div>[\/vc_column_inner][vc_column_inner width=&#8221;2\/3&#8243;]<div id=\"ultimate-heading-535169f72cfb888b5\" class=\"uvc-heading ult-adjust-bottom-margin ultimate-heading-535169f72cfb888b5 uvc-9116 \" data-hspacer=\"no_spacer\"  data-halign=\"left\" style=\"text-align:left\"><div class=\"uvc-heading-spacer no_spacer\" style=\"top\"><\/div><div class=\"uvc-main-heading ult-responsive\"  data-ultimate-target='.uvc-heading.ultimate-heading-535169f72cfb888b5 h2'  data-responsive-json-new='{\"font-size\":\"desktop:20px;\",\"line-height\":\"desktop:30px;\"}' ><h2 style=\"font-weight:bold;\">Benjamin Kesselring<\/h2><\/div><div class=\"uvc-sub-heading ult-responsive\"  data-ultimate-target='.uvc-heading.ultimate-heading-535169f72cfb888b5 .uvc-sub-heading '  data-responsive-json-new='{\"font-size\":\"desktop:16px;\",\"line-height\":\"desktop:26px;\"}'  style=\"font-weight:bold;color:#bbbbbb;margin-bottom:20px;\">Communication et relations publiques<\/div><\/div>[vc_column_text]Formations d&#8217;employ\u00e9 de commerce HKG diplom\u00e9 avec brevet f\u00e9d\u00e9ral brevet f\u00e9d\u00e9ral ainsi que assistant RP. Formation continue de journaliste sp\u00e9cialis\u00e9 AJS. Longue exp\u00e9rience dans la communication d&#8217;entreprise et la r\u00e9daction. Exp\u00e9rience dans la sensibilisation ainsi que dans la collecte de fonds pour des organisations \u00e0 but non lucratif\u00a0 Exp\u00e9riences en tant qu&#8217;auteur et r\u00e9alisateur d&#8217;un film documentaire. Depuis avril 2022, responsable de la sensibilisation, de l&#8217;activation, des relations publiques et de la collecte de fonds \u00e0 la fondation Hopp-la.[\/vc_column_text]<div class=\"aio-icon-component  vc_custom_1649149201440   style_1\"><div id=\"Info-box-wrap-8755\" class=\"aio-icon-box default-icon\" style=\"\"  ><div class=\"aio-icon-header\" ><h3 class=\"aio-icon-title ult-responsive\"  data-ultimate-target='#Info-box-wrap-8755 .aio-icon-title'  data-responsive-json-new='{\"font-size\":\"desktop:12px;\",\"line-height\":\"desktop:22px;\"}'  style=\"font-weight:bold;\">benjamin.kesselring@hopp-la.ch<\/h3><\/div> <!-- header --><\/div> <!-- aio-icon-box --><\/div> <!-- aio-icon-component --><div class=\"aio-icon-component  vc_custom_1675323874563   style_1\"><div id=\"Info-box-wrap-5803\" class=\"aio-icon-box default-icon\" style=\"\"  ><div class=\"aio-icon-header\" ><h3 class=\"aio-icon-title ult-responsive\"  data-ultimate-target='#Info-box-wrap-5803 .aio-icon-title'  data-responsive-json-new='{\"font-size\":\"desktop:12px;\",\"line-height\":\"desktop:22px;\"}'  style=\"font-weight:bold;\">T\u00e9l\u00e9phone +41 31 310 54 45 \/ direct +41 31 310 54 44<\/h3><\/div> <!-- header --><\/div> <!-- aio-icon-box --><\/div> <!-- aio-icon-component -->[vc_column_text el_class=&#8221;quote&#8221;]&#8221;Je suis impressionn\u00e9 par l&#8217;id\u00e9e des &#8216;vieux cools&#8217;, c&#8217;est-\u00e0-dire des personnes qui restent en forme mentalement et physiquement et qui, m\u00eame \u00e2g\u00e9es, b\u00e9n\u00e9ficient ainsi d&#8217;une meilleure qualit\u00e9 de vie et de plus de plaisir au quotidien. Le fait que la fondation Hopp-la, avec son approche globale, propose \u00e0 la soci\u00e9t\u00e9 des solutions qui relient les g\u00e9n\u00e9rations et qui favorisent la sant\u00e9 des jeunes et des moins jeunes, est g\u00e9niale&#8221; ![\/vc_column_text][\/vc_column_inner][\/vc_row_inner][vc_row_inner css=&#8221;.vc_custom_1505828795365{padding-bottom: 45px !important;}&#8221;][vc_column_inner width=&#8221;1\/3&#8243;]<style type=\"text\/css\" data-type=\"the7_shortcodes-inline-css\">.shortcode-single-image-wrap.shortcode-single-image-b84f8872ca33d61d12310973e8709d17.enable-bg-rollover .rollover i,\n.shortcode-single-image-wrap.shortcode-single-image-b84f8872ca33d61d12310973e8709d17.enable-bg-rollover .rollover-video i {\n  background: -webkit-linear-gradient();\n  background: linear-gradient();\n}\n.shortcode-single-image-wrap.shortcode-single-image-b84f8872ca33d61d12310973e8709d17 .rollover-icon {\n  font-size: 32px;\n  color: #ffffff;\n  min-width: 44px;\n  min-height: 44px;\n  line-height: 44px;\n  border-radius: 100px;\n  border-style: solid;\n  border-width: 0px;\n}\n.dt-icon-bg-on.shortcode-single-image-wrap.shortcode-single-image-b84f8872ca33d61d12310973e8709d17 .rollover-icon {\n  background: rgba(255,255,255,0.3);\n  box-shadow: none;\n}<\/style><div class=\"shortcode-single-image-wrap shortcode-single-image-b84f8872ca33d61d12310973e8709d17 alignleft  enable-bg-rollover dt-icon-bg-off\" style=\"margin-top:0px; margin-bottom:0px; margin-left:0px; margin-right:0px; width:180px;\"><div class=\"shortcode-single-image\"><div class=\"fancy-media-wrap  layzr-bg\" style=\"\"><img decoding=\"async\" class=\"preload-me lazy-load aspect\" src=\"data:image\/svg+xml,%3Csvg%20xmlns%3D&#39;http%3A%2F%2Fwww.w3.org%2F2000%2Fsvg&#39;%20viewBox%3D&#39;0%200%20180%20240&#39;%2F%3E\" data-src=\"https:\/\/www.hopp-la.ch\/wp-content\/uploads\/2024\/07\/Foto-Olivia_21_sw_warm-180x240.jpg\" data-srcset=\"https:\/\/www.hopp-la.ch\/wp-content\/uploads\/2024\/07\/Foto-Olivia_21_sw_warm-180x240.jpg 180w, https:\/\/www.hopp-la.ch\/wp-content\/uploads\/2024\/07\/Foto-Olivia_21_sw_warm-314x418.jpg 314w\" loading=\"eager\" sizes=\"(max-width: 180px) 100vw, 180px\" width=\"180\" height=\"240\"  data-dt-location=\"https:\/\/www.hopp-la.ch\/fr\/foto-olivia_21_sw_warm-2\/\" style=\"--ratio: 180 \/ 240;\" alt=\"\" \/><\/div><\/div><\/div>[\/vc_column_inner][vc_column_inner width=&#8221;2\/3&#8243;]<div id=\"ultimate-heading-999869f72cfb8930f\" class=\"uvc-heading ult-adjust-bottom-margin ultimate-heading-999869f72cfb8930f uvc-1760 \" data-hspacer=\"no_spacer\"  data-halign=\"left\" style=\"text-align:left\"><div class=\"uvc-heading-spacer no_spacer\" style=\"top\"><\/div><div class=\"uvc-main-heading ult-responsive\"  data-ultimate-target='.uvc-heading.ultimate-heading-999869f72cfb8930f h2'  data-responsive-json-new='{\"font-size\":\"desktop:20px;\",\"line-height\":\"desktop:30px;\"}' ><h2 style=\"font-weight:bold;\">Olivia Gobeli<\/h2><\/div><div class=\"uvc-sub-heading ult-responsive\"  data-ultimate-target='.uvc-heading.ultimate-heading-999869f72cfb8930f .uvc-sub-heading '  data-responsive-json-new='{\"font-size\":\"desktop:16px;\",\"line-height\":\"desktop:26px;\"}'  style=\"font-weight:bold;color:#bbbbbb;margin-bottom:20px;\">Event &amp; Officemanagement<\/div><\/div>[vc_column_text]\u00c9cole de commerce d&#8217;h\u00f4tellerie et de tourisme, obtention du certificat f\u00e9d\u00e9ral de capacit\u00e9 d&#8217;employ\u00e9e de commerce CFC. Professeur de yoga et th\u00e9rapeute dipl\u00f4m\u00e9e en nutrition et massage ayurv\u00e9diques. Depuis juillet 2024, office-manager et event-manager \u00e0 50% \u00e0 la Fondation Hopp-La.[\/vc_column_text]<div class=\"aio-icon-component  vc_custom_1721638484391   style_1\"><div id=\"Info-box-wrap-6712\" class=\"aio-icon-box default-icon\" style=\"\"  ><div class=\"aio-icon-header\" ><h3 class=\"aio-icon-title ult-responsive\"  data-ultimate-target='#Info-box-wrap-6712 .aio-icon-title'  data-responsive-json-new='{\"font-size\":\"desktop:12px;\",\"line-height\":\"desktop:22px;\"}'  style=\"font-weight:bold;\">olivia.gobeli@hopp-la.ch<\/h3><\/div> <!-- header --><\/div> <!-- aio-icon-box --><\/div> <!-- aio-icon-component --><div class=\"aio-icon-component  vc_custom_1721638501750   style_1\"><div id=\"Info-box-wrap-2929\" class=\"aio-icon-box default-icon\" style=\"\"  ><div class=\"aio-icon-header\" ><h3 class=\"aio-icon-title ult-responsive\"  data-ultimate-target='#Info-box-wrap-2929 .aio-icon-title'  data-responsive-json-new='{\"font-size\":\"desktop:12px;\",\"line-height\":\"desktop:22px;\"}'  style=\"font-weight:bold;\">T\u00e9l\u00e9phone +41 31 310 54 45 \/ direct +41 31 310 54 40<\/h3><\/div> <!-- header --><\/div> <!-- aio-icon-box --><\/div> <!-- aio-icon-component -->[vc_column_text el_class=&#8221;quote&#8221;]\u00ab \u00c0 la Fondation Hopp-La, je peux partager mon engagement pour un mode de vie actif et sain avec d&#8217;autres et construire ensemble des ponts entre les g\u00e9n\u00e9rations. \u00c0 Hopp-la, nous apprenons les uns des autres et grandissons ensemble. Hopp-la est synonyme de communaut\u00e9, de sant\u00e9 et de libert\u00e9 de mouvement &#8211; des valeurs que je soutiens avec passion et que je souhaite vivre activement \u00bb.[\/vc_column_text][\/vc_column_inner][\/vc_row_inner]<div id=\"ultimate-heading-250469f72cfb8944f\" class=\"uvc-heading ult-adjust-bottom-margin ultimate-heading-250469f72cfb8944f uvc-8928 accent-border-color\" data-hspacer=\"line_only\"  data-halign=\"left\" style=\"text-align:left\"><div class=\"uvc-main-heading ult-responsive\"  data-ultimate-target='.uvc-heading.ultimate-heading-250469f72cfb8944f h3'  data-responsive-json-new='{\"font-size\":\"desktop:26px;\",\"line-height\":\"desktop:36px;\"}' ><h3 style=\"font-weight:bold;\">Collaborateurs\/-trices externes<\/h3><\/div><div class=\"uvc-heading-spacer line_only\" style=\"margin-top:15px;margin-bottom:50px;height:4px;\"><span class=\"uvc-headings-line\" style=\"border-style:solid;border-bottom-width:4px;border-color:;width:50px;\"><\/span><\/div><\/div>[vc_row_inner css=&#8221;.vc_custom_1505828795365{padding-bottom: 45px !important;}&#8221;][vc_column_inner width=&#8221;1\/3&#8243;]<style type=\"text\/css\" data-type=\"the7_shortcodes-inline-css\">.shortcode-single-image-wrap.shortcode-single-image-085ceccdc969e1dbee9e4b43f91b2789.enable-bg-rollover .rollover i,\n.shortcode-single-image-wrap.shortcode-single-image-085ceccdc969e1dbee9e4b43f91b2789.enable-bg-rollover .rollover-video i {\n  background: -webkit-linear-gradient();\n  background: linear-gradient();\n}\n.shortcode-single-image-wrap.shortcode-single-image-085ceccdc969e1dbee9e4b43f91b2789 .rollover-icon {\n  font-size: 32px;\n  color: #ffffff;\n  min-width: 44px;\n  min-height: 44px;\n  line-height: 44px;\n  border-radius: 100px;\n  border-style: solid;\n  border-width: 0px;\n}\n.dt-icon-bg-on.shortcode-single-image-wrap.shortcode-single-image-085ceccdc969e1dbee9e4b43f91b2789 .rollover-icon {\n  background: rgba(255,255,255,0.3);\n  box-shadow: none;\n}<\/style><div class=\"shortcode-single-image-wrap shortcode-single-image-085ceccdc969e1dbee9e4b43f91b2789 alignleft  enable-bg-rollover dt-icon-bg-off\" style=\"margin-top:0px; margin-bottom:0px; margin-left:0px; margin-right:0px; width:180px;\"><div class=\"shortcode-single-image\"><div class=\"fancy-media-wrap  layzr-bg\" style=\"\"><img decoding=\"async\" class=\"preload-me lazy-load aspect\" src=\"data:image\/svg+xml,%3Csvg%20xmlns%3D&#39;http%3A%2F%2Fwww.w3.org%2F2000%2Fsvg&#39;%20viewBox%3D&#39;0%200%20180%20240&#39;%2F%3E\" data-src=\"https:\/\/www.hopp-la.ch\/wp-content\/uploads\/2024\/08\/Silvio_klein_schwarzweiss-180x240.jpg\" data-srcset=\"https:\/\/www.hopp-la.ch\/wp-content\/uploads\/2024\/08\/Silvio_klein_schwarzweiss-180x240.jpg 180w, https:\/\/www.hopp-la.ch\/wp-content\/uploads\/2024\/08\/Silvio_klein_schwarzweiss-303x405.jpg 303w\" loading=\"eager\" sizes=\"(max-width: 180px) 100vw, 180px\" width=\"180\" height=\"240\"  data-dt-location=\"https:\/\/www.hopp-la.ch\/fr\/silvio_klein_schwarzweiss-2\/\" style=\"--ratio: 180 \/ 240;\" alt=\"\" \/><\/div><\/div><\/div>[\/vc_column_inner][vc_column_inner width=&#8221;2\/3&#8243;]<div id=\"ultimate-heading-298969f72cfb89fc1\" class=\"uvc-heading ult-adjust-bottom-margin ultimate-heading-298969f72cfb89fc1 uvc-5147 \" data-hspacer=\"no_spacer\"  data-halign=\"left\" style=\"text-align:left\"><div class=\"uvc-heading-spacer no_spacer\" style=\"top\"><\/div><div class=\"uvc-main-heading ult-responsive\"  data-ultimate-target='.uvc-heading.ultimate-heading-298969f72cfb89fc1 h2'  data-responsive-json-new='{\"font-size\":\"desktop:20px;\",\"line-height\":\"desktop:30px;\"}' ><h2 style=\"font-weight:bold;\">Silvio Stoll<\/h2><\/div><div class=\"uvc-sub-heading ult-responsive\"  data-ultimate-target='.uvc-heading.ultimate-heading-298969f72cfb89fc1 .uvc-sub-heading '  data-responsive-json-new='{\"font-size\":\"desktop:16px;\",\"line-height\":\"desktop:26px;\"}'  style=\"font-weight:bold;color:#bbbbbb;margin-bottom:20px;\">Soutien des projets de sant\u00e9<\/div><\/div>[vc_column_text]Bachelor et Master of Science (MSc) en pr\u00e9vention, exercice et sciences de la sant\u00e9 au d\u00e9partement de sport, d&#8217;activit\u00e9 physique et de sant\u00e9 de l&#8217;universit\u00e9 de B\u00e2le. Expert Esa Sport des adultes Suisse. Chef de projet pour la promotion de l&#8217;activit\u00e9 physique interg\u00e9n\u00e9rationnelle. En tant que chef de projet de longue date \u00e0 la fondation Hopp-la, Silvio Stoll dispose d&#8217;un vaste savoir-faire et d&#8217;une grande exp\u00e9rience dans l&#8217;accompagnement de communes, de villes et d&#8217;organisations civiles pour des projets d&#8217;activit\u00e9 physique interg\u00e9n\u00e9rationnels. Nous sommes tr\u00e8s heureux de pouvoir continuer \u00e0 compter sur l&#8217;expertise et l&#8217;exp\u00e9rience de mise en \u0153uvre de Silvio pour des projets s\u00e9lectionn\u00e9s.[\/vc_column_text]<div class=\"aio-icon-component  vc_custom_1722857507855   style_1\"><div id=\"Info-box-wrap-1345\" class=\"aio-icon-box default-icon\" style=\"\"  ><div class=\"aio-icon-header\" ><h3 class=\"aio-icon-title ult-responsive\"  data-ultimate-target='#Info-box-wrap-1345 .aio-icon-title'  data-responsive-json-new='{\"font-size\":\"desktop:12px;\",\"line-height\":\"desktop:22px;\"}'  style=\"font-weight:bold;\">silvio.stoll@hopp-la.ch<\/h3><\/div> <!-- header --><\/div> <!-- aio-icon-box --><\/div> <!-- aio-icon-component -->[vc_column_text el_class=&#8221;quote&#8221;]\u00ab Une activit\u00e9 physique r\u00e9guli\u00e8re offre de pr\u00e9cieux avantages \u00e0 tous les groupes d&#8217;\u00e2ge, des plus jeunes aux plus \u00e2g\u00e9s. Mais ce n&#8217;est pas tant la connaissance des effets que le plaisir de bouger qui conduit \u00e0 un ancrage \u00e0 long terme dans la vie. Celui qui bouge met quelque chose en mouvement \u00bb.[\/vc_column_text][\/vc_column_inner][\/vc_row_inner][\/vc_column][\/vc_row]<\/p>\n<\/div>","protected":false},"excerpt":{"rendered":"<p>[vc_row bg_type=&#8221;bg_color&#8221; bg_override=&#8221;full&#8221; bg_color_value=&#8221;#f4f4f4&#8243; css=&#8221;.vc_custom_1563100387344{padding-top: 5% !important;padding-bottom: 5% !important;}&#8221;][vc_column width=&#8221;2\/3&#8243; css=&#8221;.vc_custom_1513672913240{margin-bottom: 20px !important;}&#8221;][\/vc_column][vc_column width=&#8221;1\/3&#8243;][\/vc_column][\/vc_row][vc_row bg_type=&#8221;bg_color&#8221; bg_override=&#8221;ex-full&#8221; bg_color_value=&#8221;#f4f4f4&#8243;][vc_column css=&#8221;.vc_custom_1513672913240{margin-bottom: 20px !important;}&#8221;][vc_row_inner css=&#8221;.vc_custom_1505828795365{padding-bottom: 45px !important;}&#8221;][vc_column_inner width=&#8221;1\/3&#8243;][\/vc_column_inner][vc_column_inner width=&#8221;2\/3&#8243;][vc_column_text]M\u00e9decin de sant\u00e9 publique, avec un accent particulier sur la &#8220;promotion de la sant\u00e9 et la pr\u00e9vention&#8221; ; engag\u00e9e pour une plus grande \u00e9quit\u00e9 dans le syst\u00e8me de sant\u00e9, avec une&hellip;<\/p>\n","protected":false},"author":1,"featured_media":7184,"parent":0,"menu_order":0,"comment_status":"closed","ping_status":"closed","template":"","meta":{"_monsterinsights_skip_tracking":false,"_monsterinsights_sitenote_active":false,"_monsterinsights_sitenote_note":"","_monsterinsights_sitenote_category":0,"footnotes":""},"class_list":["post-7939","page","type-page","status-publish","has-post-thumbnail","hentry","description-off"],"_links":{"self":[{"href":"https:\/\/www.hopp-la.ch\/fr\/wp-json\/wp\/v2\/pages\/7939","targetHints":{"allow":["GET"]}}],"collection":[{"href":"https:\/\/www.hopp-la.ch\/fr\/wp-json\/wp\/v2\/pages"}],"about":[{"href":"https:\/\/www.hopp-la.ch\/fr\/wp-json\/wp\/v2\/types\/page"}],"author":[{"embeddable":true,"href":"https:\/\/www.hopp-la.ch\/fr\/wp-json\/wp\/v2\/users\/1"}],"replies":[{"embeddable":true,"href":"https:\/\/www.hopp-la.ch\/fr\/wp-json\/wp\/v2\/comments?post=7939"}],"version-history":[{"count":63,"href":"https:\/\/www.hopp-la.ch\/fr\/wp-json\/wp\/v2\/pages\/7939\/revisions"}],"predecessor-version":[{"id":9998,"href":"https:\/\/www.hopp-la.ch\/fr\/wp-json\/wp\/v2\/pages\/7939\/revisions\/9998"}],"wp:featuredmedia":[{"embeddable":true,"href":"https:\/\/www.hopp-la.ch\/fr\/wp-json\/wp\/v2\/media\/7184"}],"wp:attachment":[{"href":"https:\/\/www.hopp-la.ch\/fr\/wp-json\/wp\/v2\/media?parent=7939"}],"curies":[{"name":"wp","href":"https:\/\/api.w.org\/{rel}","templated":true}]}}