{"id":8042,"date":"2017-09-12T13:29:48","date_gmt":"2017-09-12T13:29:48","guid":{"rendered":"https:\/\/www.hopp-la.ch\/fondation\/histoire\/"},"modified":"2023-06-05T10:29:43","modified_gmt":"2023-06-05T10:29:43","slug":"histoire","status":"publish","type":"page","link":"https:\/\/www.hopp-la.ch\/fr\/fondation\/histoire\/","title":{"rendered":"Histoire"},"content":{"rendered":"<div class=\"wpb-content-wrapper\"><p>[vc_row main_heading=&#8221;Stiftung in K\u00fcrze&#8221; main_heading_color=&#8221;&#8221; heading_tag=&#8221;h2&#8243; sub_heading_color=&#8221;&#8221; alignment=&#8221;left&#8221; spacer=&#8221;line_only&#8221; spacer_position=&#8221;middle&#8221; spacer_img_width=&#8221;48&#8243; line_style=&#8221;solid&#8221; line_height=&#8221;4&#8243; line_color=&#8221;&#8221; line_icon_fixer=&#8221;10&#8243; line_width=&#8221;50&#8243; spacer_margin=&#8221;margin-top:15px;margin-bottom:50px;&#8221; main_heading_style=&#8221;font-weight:bold;&#8221; main_heading_font_size=&#8221;desktop:26px;&#8221; main_heading_line_height=&#8221;desktop:36px;&#8221; el_class=&#8221;accent-border-color&#8221; main_heading_typograpy=&#8221;&#8221; main_heading_font_family=&#8221;&#8221; margin_design_tab_text=&#8221;&#8221; main_heading_margin=&#8221;&#8221; sub_heading_typograpy=&#8221;&#8221; sub_heading_font_family=&#8221;&#8221; sub_heading_style=&#8221;&#8221; sub_heading_font_size=&#8221;&#8221; sub_heading_line_height=&#8221;&#8221; sub_heading_margin=&#8221;&#8221; spacer_img=&#8221;&#8221; css=&#8221;.vc_custom_1515510089866{padding-top: 50px !important;}&#8221;][vc_column width=&#8221;1\/2&#8243; offset=&#8221;vc_hidden-sm vc_hidden-xs&#8221;][vc_column_text]<\/p>\n<p style=\"text-align: right;\"><a href=\"https:\/\/www.hopp-la.ch\/stiftung\/geschichte\/#detail_entstehungsgeschichte\">D\u00e9tails sur l&#8217;histoire de la cr\u00e9ation  <\/a><\/p>\n<p style=\"text-align: right;\"><a href=\"#multiplikation\">Pour la multiplication<\/a><\/p>\n<p>[\/vc_column_text]<div id=\"ultimate-heading-285469f757268146b\" class=\"uvc-heading ult-adjust-bottom-margin ultimate-heading-285469f757268146b uvc-6516 accent-border-color\" data-hspacer=\"line_only\"  data-halign=\"left\" style=\"text-align:left\"><div class=\"uvc-main-heading ult-responsive\"  data-ultimate-target='.uvc-heading.ultimate-heading-285469f757268146b h2'  data-responsive-json-new='{\"font-size\":\"desktop:26px;\",\"line-height\":\"desktop:36px;\"}' ><h2 style=\"font-weight:bold;\">L'histoire de la cr\u00e9ation<\/h2><\/div><div class=\"uvc-heading-spacer line_only\" style=\"margin-top:15px;margin-bottom:50px;height:4px;\"><span class=\"uvc-headings-line\" style=\"border-style:solid;border-bottom-width:4px;border-color:;width:50px;\"><\/span><\/div><\/div>[vc_column_text]La fondation Hopp-la repose sur un projet interg\u00e9n\u00e9rationnel de promotion de l&#8217;activit\u00e9 physique et de la sant\u00e9, qui a vu le jour dans le cadre d&#8217;un travail de master au D\u00e9partement du sport, de l&#8217;activit\u00e9 physique et de la sant\u00e9 (DSBG) de l&#8217;Universit\u00e9 de B\u00e2le, en coop\u00e9ration avec l&#8217;Office des sports de B\u00e2le-Ville et avec la participation du service des espaces verts de la ville et d&#8217;un fabricant d&#8217;appareils.<\/p>\n<p>&nbsp;<\/p>\n<p><strong>L&#8217;exp\u00e9rience : les &#8220;vacances de grand-m\u00e8re&#8221; inoubliables<\/strong><\/p>\n<p>Debora Wick, ancienne \u00e9tudiante en sport, s&#8217;est laiss\u00e9e gagner par la passion du professeur Zahner et par le virus qu&#8217;il r\u00e9pandait dans ses cours. De plus, elle a elle-m\u00eame \u00e9t\u00e9 t\u00e9moin dans son enfance de ce que cela signifie lorsque jeunes et vieux sont actifs ensemble. Pendant les vacances scolaires, elle pouvait accompagner grand-m\u00e8re \u00e0 la gymnastique pour seniors, ce qui \u00e9tait \u00e0 chaque fois le point fort des &#8220;vacances de grand-m\u00e8re&#8221;. En effet, ils n&#8217;\u00e9taient pas les seuls \u00e0 se r\u00e9jouir de cette jeune visite, les participants plus \u00e2g\u00e9s en particulier, de sorte que mouvement, jeu et amusement, visages souriants et moments inoubliables \u00e9taient garantis. La conviction et la motivation personnelles de Debora, coupl\u00e9es au virus propag\u00e9 par le professeur Zahner, sans oublier les d\u00e9clarations de grands-parents telles que &#8220;ce serait super si on ne devait pas seulement regarder, mais si on pouvait participer activement&#8221;, l&#8217;ont amen\u00e9e \u00e0 d\u00e9cider de concevoir un projet interg\u00e9n\u00e9rationnel d&#8217;activit\u00e9 physique et de promotion de la sant\u00e9 dans le cadre de son travail de master.<\/p>\n<p>&nbsp;<\/p>\n<p><strong>La situation de d\u00e9part : le fitness dans le parc<\/strong><\/p>\n<p>Elle a d\u00e9cid\u00e9 de travailler sur un projet dans l&#8217;espace public et a cherch\u00e9 \u00e0 entrer en contact avec le service des sports de B\u00e2le-Ville, qui dispose d&#8217;une grande exp\u00e9rience pratique dans la mise en \u0153uvre de projets encourageant le mouvement. Une coop\u00e9ration entre l&#8217;universit\u00e9 et le service des sports cr\u00e9erait l&#8217;interface id\u00e9ale entre la science et la pratique. Elle a tout de suite trouv\u00e9 une oreille attentive aupr\u00e8s de Peter Howald et Oliver Schwarz du service des sports de B\u00e2le-Ville. En effet, l&#8217;approche de base du projet interg\u00e9n\u00e9rationnel de promotion de l&#8217;activit\u00e9 physique et de la sant\u00e9 co\u00efncide avec la vision de l&#8217;Office des sports, qui vise \u00e0 &#8220;&#8230;exploiter le formidable potentiel de l&#8217;envie et du plaisir de bouger et de faire du sport, une exp\u00e9rience unique pour chacune et chacun&#8230;&#8221;. L&#8217;utilisation d&#8217;appareils de fitness \u00e0 l&#8217;ext\u00e9rieur, dans un parc ou sur une installation sportive, est en outre un th\u00e8me qui est abord\u00e9 depuis plusieurs ann\u00e9es par l&#8217;Office des sports.<\/p>\n<p>&nbsp;<\/p>\n<p><strong>Une id\u00e9e de fond : mouvement, jeu et amusement<\/strong><\/p>\n<p>Jusqu&#8217;\u00e0 pr\u00e9sent, l&#8217;Office des sports n&#8217;avait pas trouv\u00e9 d&#8217;id\u00e9e originale ni de preuve tangible des besoins. C&#8217;est pr\u00e9cis\u00e9ment l\u00e0 qu&#8217;intervient l&#8217;id\u00e9e du projet interg\u00e9n\u00e9rationnel d&#8217;activit\u00e9 physique et de promotion de la sant\u00e9. La prophylaxie des chutes cr\u00e9e une situation de d\u00e9part clairement fond\u00e9e, les recherches minutieuses et diff\u00e9renci\u00e9es de Debora Wick et l&#8217;approche in\u00e9dite par la d\u00e9couverte, le jeu et le plaisir garantissent le succ\u00e8s et la collaboration avec les fabricants d&#8217;\u00e9quipements de jeux, les services municipaux de jardinage, les fondations et les institutions garantissent la mise en \u0153uvre. Ces facteurs ont incit\u00e9 l&#8217;Office des sports \u00e0 soutenir le d\u00e9veloppement du projet et sa mise en \u0153uvre d\u00e8s le d\u00e9but. Ainsi, le DSBG et le service des sports ont d\u00e9velopp\u00e9, en coop\u00e9ration avec le service des espaces verts de la ville et un fabricant d&#8217;\u00e9quipements innovant, un concept de parc de jeux et de mouvement interg\u00e9n\u00e9rationnel ainsi que son suivi \u00e0 long terme. Le concept a m\u00fbri et la question s&#8217;est pos\u00e9e de savoir comment le mettre concr\u00e8tement en pratique.<\/p>\n<p>&nbsp;<\/p>\n<p><strong>Cr\u00e9ation d&#8217;une fondation : sans argent, pas de r\u00e9alisation<\/strong><\/p>\n<p>La Fondation pour la promotion interg\u00e9n\u00e9rationnelle de l&#8217;activit\u00e9 physique et de la sant\u00e9 a \u00e9t\u00e9 cr\u00e9\u00e9e \u00e0 l&#8217;initiative de Martin Bisang, qui a un lien \u00e9troit avec B\u00e2le. Au nom de la fondation, des contributions de soutien pour la mise en \u0153uvre du projet devraient \u00eatre soumises d\u00e8s maintenant. Il est apparu de plus en plus clairement qu&#8217;\u00e0 l&#8217;avenir, la fondation ne devait pas seulement \u00eatre le bailleur de fonds, mais aussi l&#8217;exp\u00e9diteur du projet pilote. Pour cette raison, un changement de nom s&#8217;est impos\u00e9, car il aurait \u00e9t\u00e9 impossible de faire de la publicit\u00e9 avec le nom &#8220;promotion interg\u00e9n\u00e9rationnelle de l&#8217;activit\u00e9 physique et de la sant\u00e9&#8221;.<\/p>\n<p>&nbsp;<\/p>\n<p><strong>Changement de nom : Hopp-la &#8211; c&#8217;est parti !<\/strong><\/p>\n<p>Hop-la, les g\u00e9n\u00e9rations en mouvement. Hopp-la, une expression de surprise, une exclamation par laquelle on veut attirer l&#8217;attention sur quelque chose ou justement le nom d&#8217;une fondation qui veut motiver, en particulier les personnes \u00e2g\u00e9es, \u00e0 essayer de nouvelles choses, \u00e0 entra\u00eener leur force et leur \u00e9quilibre, pour se rendre compte avec \u00e9tonnement qu&#8217;il est encore possible de faire beaucoup plus que ce dont on se croyait capable : &#8220;Hopp-la, \u00e7a va encore&#8221; !<\/p>\n<p>&nbsp;<\/p>\n<p><strong>Multiplication dans toute la Suisse et centre de comp\u00e9tence national<br \/>\n<\/strong><\/p>\n<p>L&#8217;id\u00e9e a tout de suite pris son envol. Des demandes nous parviennent de toute la Suisse pour la cr\u00e9ation d&#8217;offres d&#8217;activit\u00e9 physique et de lieux de rencontre r\u00e9unissant les g\u00e9n\u00e9rations. Gr\u00e2ce \u00e0 des donateurs et \u00e0 un large partenariat, la fondation peut r\u00e9pondre \u00e0 cette demande. Un aper\u00e7u de la situation actuelle se trouve ici : <a href=\"https:\/\/www.hopp-la.ch\/fr\/mise-en-oeuvre\/\">Mise en \u0153uvre<\/a>.<\/p>\n<p>La fondation devient de plus en plus un centre de comp\u00e9tences national pour la promotion de l&#8217;activit\u00e9 physique interg\u00e9n\u00e9rationnelle, notamment gr\u00e2ce aux efforts de recherche d\u00e9ploy\u00e9s en parall\u00e8le.[\/vc_column_text][\/vc_column][vc_column width=&#8221;1\/2&#8243;]<div class=\"smile-icon-timeline-wrap csstime   \"     style=\"\"><div class=\"timeline-line \" style=\"border-right-color:;\"><span><\/span><\/div><div class=\"timeline-wrapper\"><div class=\"timeline-block \"><div class=\"timeline-dot\"><\/div><div class=\"ult-timeline-arrow\"><s><\/s><l><\/l><\/div><div class=\"timeline-icon-block\"><div class=\"ult-timeline-icon tl-icon-no-bg\" style=\"   \"><\/div> <!-- icon --><\/div><div class=\"timeline-header-block\" >\n\t\t\t\t\t\t\t<div id=\"timeline-item-3877\" class=\"timeline-header\" style=\"\"><h3 class=\"ult-timeline-title ult-responsive\"  data-ultimate-target='#timeline-item-3877 .ult-timeline-title'  data-responsive-json-new='{\"font-size\":\"\",\"line-height\":\"\"}'  style=\"\">2013\/2014<\/h3><div class=\"ult-responsive timeline-item-spt\"  data-ultimate-target='#timeline-item-3877 .timeline-item-spt'  data-responsive-json-new='{\"font-size\":\"\",\"line-height\":\"\"}'  style=\"\"><strong>D\u00e9veloppement du concept<\/strong><\/p>\n<p>Travail de master au DSBG<br \/>\nde l&#8217;Universit\u00e9 de B\u00e2le<\/div><\/div> <!-- header --><\/div><\/div><div class=\"timeline-block \"><div class=\"timeline-dot\"><\/div><div class=\"ult-timeline-arrow\"><s><\/s><l><\/l><\/div><div class=\"timeline-icon-block\"><div class=\"ult-timeline-icon tl-icon-no-bg\" style=\"   \"><\/div> <!-- icon --><\/div><div class=\"timeline-header-block\" >\n\t\t\t\t\t\t\t<div id=\"timeline-item-4684\" class=\"timeline-header\" style=\"\"><h3 class=\"ult-timeline-title ult-responsive\"  data-ultimate-target='#timeline-item-4684 .ult-timeline-title'  data-responsive-json-new='{\"font-size\":\"\",\"line-height\":\"\"}'  style=\"\">Juillet 2014<\/h3><div class=\"ult-responsive timeline-item-spt\"  data-ultimate-target='#timeline-item-4684 .timeline-item-spt'  data-responsive-json-new='{\"font-size\":\"\",\"line-height\":\"\"}'  style=\"\"><b>Cr\u00e9ation d&#8217;une fondation<\/b><\/div><\/div> <!-- header --><\/div><\/div><div class=\"timeline-block \"><div class=\"timeline-dot\"><\/div><div class=\"ult-timeline-arrow\"><s><\/s><l><\/l><\/div><div class=\"timeline-icon-block\"><div class=\"ult-timeline-icon tl-icon-no-bg\" style=\"   \"><\/div> <!-- icon --><\/div><div class=\"timeline-header-block\" >\n\t\t\t\t\t\t\t<div id=\"timeline-item-9763\" class=\"timeline-header\" style=\"\"><h3 class=\"ult-timeline-title ult-responsive\"  data-ultimate-target='#timeline-item-9763 .ult-timeline-title'  data-responsive-json-new='{\"font-size\":\"\",\"line-height\":\"\"}'  style=\"\">Automne 2014 - printemps 2016<\/h3><div class=\"ult-responsive timeline-item-spt\"  data-ultimate-target='#timeline-item-9763 .timeline-item-spt'  data-responsive-json-new='{\"font-size\":\"\",\"line-height\":\"\"}'  style=\"\"><b>Pilote et mise en \u0153uvre du premier Hopp-la Park<\/b><\/p>\n<p>dans le Sch\u00fctzenmattpark de B\u00e2le en 4 \u00e9tapes de construction<\/p>\n<p>&nbsp;<\/p>\n<p><\/div><\/div> <!-- header --><\/div><\/div><div class=\"timeline-block \"><div class=\"timeline-dot\"><\/div><div class=\"ult-timeline-arrow\"><s><\/s><l><\/l><\/div><div class=\"timeline-icon-block\"><div class=\"ult-timeline-icon tl-icon-no-bg\" style=\"   \"><\/div> <!-- icon --><\/div><div class=\"timeline-header-block\" >\n\t\t\t\t\t\t\t<div id=\"timeline-item-7638\" class=\"timeline-header\" style=\"\"><h3 class=\"ult-timeline-title ult-responsive\"  data-ultimate-target='#timeline-item-7638 .ult-timeline-title'  data-responsive-json-new='{\"font-size\":\"\",\"line-height\":\"\"}'  style=\"\">Printemps 2015<\/h3><div class=\"ult-responsive timeline-item-spt\"  data-ultimate-target='#timeline-item-7638 .timeline-item-spt'  data-responsive-json-new='{\"font-size\":\"\",\"line-height\":\"\"}'  style=\"\"><b>D\u00e9marrer Hopp-la Fit<\/b><\/p>\n<p>Lancement de l&#8217;offre de cours Hopp-la Fit au Sch\u00fctzenmattpark<\/div><\/div> <!-- header --><\/div><\/div><div class=\"timeline-block \"><div class=\"timeline-dot\"><\/div><div class=\"ult-timeline-arrow\"><s><\/s><l><\/l><\/div><div class=\"timeline-icon-block\"><div class=\"ult-timeline-icon tl-icon-no-bg\" style=\"   \"><\/div> <!-- icon --><\/div><div class=\"timeline-header-block\" >\n\t\t\t\t\t\t\t<div id=\"timeline-item-2286\" class=\"timeline-header\" style=\"\"><h3 class=\"ult-timeline-title ult-responsive\"  data-ultimate-target='#timeline-item-2286 .ult-timeline-title'  data-responsive-json-new='{\"font-size\":\"\",\"line-height\":\"\"}'  style=\"\">Printemps 2016<\/h3><div class=\"ult-responsive timeline-item-spt\"  data-ultimate-target='#timeline-item-2286 .timeline-item-spt'  data-responsive-json-new='{\"font-size\":\"\",\"line-height\":\"\"}'  style=\"\"><b>D\u00e9part Hopp-la Tandem<\/b><\/p>\n<p>3 projets pilotes<\/div><\/div> <!-- header --><\/div><\/div><div class=\"timeline-block \"><div class=\"timeline-dot\"><\/div><div class=\"ult-timeline-arrow\"><s><\/s><l><\/l><\/div><div class=\"timeline-icon-block\"><div class=\"ult-timeline-icon tl-icon-no-bg\" style=\"   \"><\/div> <!-- icon --><\/div><div class=\"timeline-header-block\" >\n\t\t\t\t\t\t\t<div id=\"timeline-item-4694\" class=\"timeline-header\" style=\"\"><h3 class=\"ult-timeline-title ult-responsive\"  data-ultimate-target='#timeline-item-4694 .ult-timeline-title'  data-responsive-json-new='{\"font-size\":\"\",\"line-height\":\"\"}'  style=\"\">2017 \/ 2018<\/h3><div class=\"ult-responsive timeline-item-spt\"  data-ultimate-target='#timeline-item-4694 .timeline-item-spt'  data-responsive-json-new='{\"font-size\":\"\",\"line-height\":\"\"}'  style=\"\"><b>Extension Hopp-la Fit \/<br \/>\nHopp-la Tandem<\/b><\/p>\n<p>Cours dans d&#8217;autres quartiers<\/div><\/div> <!-- header --><\/div><\/div><div class=\"timeline-block \"><div class=\"timeline-dot\"><\/div><div class=\"ult-timeline-arrow\"><s><\/s><l><\/l><\/div><div class=\"timeline-icon-block\"><div class=\"ult-timeline-icon tl-icon-no-bg\" style=\"   \"><\/div> <!-- icon --><\/div><div class=\"timeline-header-block\" >\n\t\t\t\t\t\t\t<div id=\"timeline-item-2793\" class=\"timeline-header\" style=\"\"><h3 class=\"ult-timeline-title ult-responsive\"  data-ultimate-target='#timeline-item-2793 .ult-timeline-title'  data-responsive-json-new='{\"font-size\":\"\",\"line-height\":\"\"}'  style=\"\">\u00e0 partir de l'\u00e9t\u00e9 2018<\/h3><div class=\"ult-responsive timeline-item-spt\"  data-ultimate-target='#timeline-item-2793 .timeline-item-spt'  data-responsive-json-new='{\"font-size\":\"\",\"line-height\":\"\"}'  style=\"\">Multiplication dans d&#8217;autres cantons<b><br \/>\n<\/b><\/div><\/div> <!-- header --><\/div><\/div><div class=\"timeline-block \"><div class=\"timeline-dot\"><\/div><div class=\"ult-timeline-arrow\"><s><\/s><l><\/l><\/div><div class=\"timeline-icon-block\"><div class=\"ult-timeline-icon tl-icon-no-bg\" style=\"   \"><\/div> <!-- icon --><\/div><div class=\"timeline-header-block\" >\n\t\t\t\t\t\t\t<div id=\"timeline-item-3054\" class=\"timeline-header\" style=\"\"><h3 class=\"ult-timeline-title ult-responsive\"  data-ultimate-target='#timeline-item-3054 .ult-timeline-title'  data-responsive-json-new='{\"font-size\":\"\",\"line-height\":\"\"}'  style=\"\">Juin 2019 - Sept 2021<\/h3><div class=\"ult-responsive timeline-item-spt\"  data-ultimate-target='#timeline-item-3054 .timeline-item-spt'  data-responsive-json-new='{\"font-size\":\"\",\"line-height\":\"\"}'  style=\"\">D\u00e9veloppement \/ adoption d&#8217;une nouvelle orientation strat\u00e9gique de la fondation en tant que centre de comp\u00e9tences<\/div><\/div> <!-- header --><\/div><\/div><div class=\"timeline-block \"><div class=\"timeline-dot\"><\/div><div class=\"ult-timeline-arrow\"><s><\/s><l><\/l><\/div><div class=\"timeline-icon-block\"><div class=\"ult-timeline-icon tl-icon-no-bg\" style=\"   \"><\/div> <!-- icon --><\/div><div class=\"timeline-header-block\" >\n\t\t\t\t\t\t\t<div id=\"timeline-item-7144\" class=\"timeline-header\" style=\"\"><h3 class=\"ult-timeline-title ult-responsive\"  data-ultimate-target='#timeline-item-7144 .ult-timeline-title'  data-responsive-json-new='{\"font-size\":\"\",\"line-height\":\"\"}'  style=\"\">Oct 2021 - mars 2022<\/h3><div class=\"ult-responsive timeline-item-spt\"  data-ultimate-target='#timeline-item-7144 .timeline-item-spt'  data-responsive-json-new='{\"font-size\":\"\",\"line-height\":\"\"}'  style=\"\">Renforcement du personnel du secr\u00e9tariat<\/p>\n<p><\/div><\/div> <!-- header --><\/div><\/div><div class=\"timeline-block \"><div class=\"timeline-dot\"><\/div><div class=\"ult-timeline-arrow\"><s><\/s><l><\/l><\/div><div class=\"timeline-icon-block\"><div class=\"ult-timeline-icon tl-icon-no-bg\" style=\"   \"><\/div> <!-- icon --><\/div><div class=\"timeline-header-block\" >\n\t\t\t\t\t\t\t<div id=\"timeline-item-6630\" class=\"timeline-header\" style=\"\"><h3 class=\"ult-timeline-title ult-responsive\"  data-ultimate-target='#timeline-item-6630 .ult-timeline-title'  data-responsive-json-new='{\"font-size\":\"\",\"line-height\":\"\"}'  style=\"\">depuis avril 2022<\/h3><div class=\"ult-responsive timeline-item-spt\"  data-ultimate-target='#timeline-item-6630 .timeline-item-spt'  data-responsive-json-new='{\"font-size\":\"\",\"line-height\":\"\"}'  style=\"\"><strong>Mise en \u0153uvre de la nouvelle strat\u00e9gie : <\/strong>la fondation Hopp-la agit dans trois domaines d&#8217;activit\u00e9 :<br \/>\n1) Travail de fond et innovation<br \/>\n2) Projets pratiques et services<br \/>\n3) Sensibilisation et activation<\/div><\/div> <!-- header --><\/div><\/div><\/div><\/div>[\/vc_column][\/vc_row][vc_row main_heading=&#8221;Stiftung in K\u00fcrze&#8221; main_heading_color=&#8221;&#8221; heading_tag=&#8221;h2&#8243; sub_heading_color=&#8221;&#8221; alignment=&#8221;left&#8221; spacer=&#8221;line_only&#8221; spacer_position=&#8221;middle&#8221; spacer_img_width=&#8221;48&#8243; line_style=&#8221;solid&#8221; line_height=&#8221;4&#8243; line_color=&#8221;&#8221; line_icon_fixer=&#8221;10&#8243; line_width=&#8221;50&#8243; spacer_margin=&#8221;margin-top:15px;margin-bottom:50px;&#8221; main_heading_style=&#8221;font-weight:bold;&#8221; main_heading_font_size=&#8221;desktop:26px;&#8221; main_heading_line_height=&#8221;desktop:36px;&#8221; el_class=&#8221;accent-border-color geschichtedetail&#8221; main_heading_typograpy=&#8221;&#8221; main_heading_font_family=&#8221;&#8221; margin_design_tab_text=&#8221;&#8221; main_heading_margin=&#8221;&#8221; sub_heading_typograpy=&#8221;&#8221; sub_heading_font_family=&#8221;&#8221; sub_heading_style=&#8221;&#8221; sub_heading_font_size=&#8221;&#8221; sub_heading_line_height=&#8221;&#8221; sub_heading_margin=&#8221;&#8221; spacer_img=&#8221;&#8221; css=&#8221;.vc_custom_1656503656936{padding-top: 50px !important;}&#8221; el_id=&#8221;d\u00e9tail_histoire_de_la_d\u00e9couverte&#8221;][vc_column offset=&#8221;vc_hidden-sm vc_hidden-xs&#8221;][vc_separator el_id=&#8221;details01&#8243;]<div id=\"ultimate-heading-252369f7572681e79\" class=\"uvc-heading ult-adjust-bottom-margin ultimate-heading-252369f7572681e79 uvc-6956 accent-border-color\" data-hspacer=\"line_only\"  data-halign=\"left\" style=\"text-align:left\"><div class=\"uvc-main-heading ult-responsive\"  data-ultimate-target='.uvc-heading.ultimate-heading-252369f7572681e79 h2'  data-responsive-json-new='{\"font-size\":\"desktop:26px;\",\"line-height\":\"desktop:36px;\"}' ><h2 style=\"font-weight:bold;\">L'histoire de la cr\u00e9ation en d\u00e9tail<\/h2><\/div><div class=\"uvc-heading-spacer line_only\" style=\"margin-top:15px;margin-bottom:50px;height:4px;\"><span class=\"uvc-headings-line\" style=\"border-style:solid;border-bottom-width:4px;border-color:;width:50px;\"><\/span><\/div><\/div>[vc_column_text]<strong>2013\/2014<\/strong><br \/>\nD\u00e9veloppement du concept Master-<br \/>\ntravail au DSBG de l&#8217;Universit\u00e9 de B\u00e2le<\/p>\n<p><strong>\u00c9t\u00e9 2014<\/strong><br \/>\nCr\u00e9ation d&#8217;une fondation<\/p>\n<p><strong>Automne 2014<\/strong><br \/>\nSch\u00fctzenmattpark B\u00e2le (pilote)<br \/>\n1re \u00e9tape de construction : appareils interg\u00e9n\u00e9rationnels<br \/>\nDanse avec un partenaire, pari de danse et jeu de d\u00e9hanchement<\/p>\n<p><strong>Printemps 2015<\/strong><br \/>\nSch\u00fctzenmattpark B\u00e2le<br \/>\n2e \u00e9tape de construction : extension avec fil de patience \/ parcours aventure (partie 1)<br \/>\nLancement de l&#8217;offre de cours Hopp-la Fit et c\u00e9r\u00e9monie d&#8217;ouverture<\/p>\n<p><strong>Automne 2015<\/strong><br \/>\n1er cours Hopp-la Fit \u00e0 l&#8217;Union de B\u00e2le<\/p>\n<p><strong>Hiver 2015<\/strong><br \/>\nSch\u00fctzenmattpark B\u00e2le<br \/>\n3e \u00e9tape de construction : ach\u00e8vement du parcours d&#8217;aventure<br \/>\n(\u00e9l\u00e9ments d&#8217;\u00e9quilibre et d&#8217;adresse proches de la nature)<\/p>\n<p>1\u00e8re r\u00e9alisation &#8216;P\u00e9riode de l&#8217;Avent en mouvement<\/p>\n<p><strong>Printemps 2016<\/strong><br \/>\nSch\u00fctzenmattpark B\u00e2le<br \/>\n4e \u00e9tape de construction (jeu d&#8217;eau)<br \/>\nLancement du tandem Hopp-la avec trois pilotes et inauguration du jeu d&#8217;eau<\/p>\n<p><strong>2017 \/ 2018<\/strong><br \/>\nExtension Hopp-la Fit \/<br \/>\nHopp-la Tandem<br \/>\nCours dans d&#8217;autres quartiers<\/p>\n<p><strong>Printemps 2018<\/strong><br \/>\nSch\u00fctzenmattpark B\u00e2le<br \/>\nOuverture du parcours Hopp-la<\/p>\n<p><strong>Automne 2019<\/strong><br \/>\nCongr\u00e8s du 5e anniversaire<\/p>\n<p><strong>Juin 2019 &#8211; Sept 2021<\/strong><br \/>\nD\u00e9veloppement \/ adoption d&#8217;une nouvelle orientation strat\u00e9gique<br \/>\nde la fondation en tant que centre de comp\u00e9tences<\/p>\n<p><strong>Oct 2021 &#8211; mars 2022<\/strong><br \/>\nRenforcement du personnel du secr\u00e9tariat<\/p>\n<p><strong>depuis avril 2022<\/strong><br \/>\nMise en \u0153uvre de la nouvelle strat\u00e9gie :<br \/>\nLa fondation Hopp-la agit dans trois domaines d&#8217;activit\u00e9 :<br \/>\n1) Travail de fond et innovation<br \/>\n2) Projets pratiques et services<br \/>\n3) Sensibilisation et activation[\/vc_column_text][\/vc_column][\/vc_row][vc_row main_heading=&#8221;Stiftung in K\u00fcrze&#8221; main_heading_color=&#8221;&#8221; heading_tag=&#8221;h2&#8243; sub_heading_color=&#8221;&#8221; alignment=&#8221;left&#8221; spacer=&#8221;line_only&#8221; spacer_position=&#8221;middle&#8221; spacer_img_width=&#8221;48&#8243; line_style=&#8221;solid&#8221; line_height=&#8221;4&#8243; line_color=&#8221;&#8221; line_icon_fixer=&#8221;10&#8243; line_width=&#8221;50&#8243; spacer_margin=&#8221;margin-top:15px;margin-bottom:50px;&#8221; main_heading_style=&#8221;font-weight:bold;&#8221; main_heading_font_size=&#8221;desktop:26px;&#8221; main_heading_line_height=&#8221;desktop:36px;&#8221; el_class=&#8221;accent-border-color multiplikationdetail&#8221; main_heading_typograpy=&#8221;&#8221; main_heading_font_family=&#8221;&#8221; margin_design_tab_text=&#8221;&#8221; main_heading_margin=&#8221;&#8221; sub_heading_typograpy=&#8221;&#8221; sub_heading_font_family=&#8221;&#8221; sub_heading_style=&#8221;&#8221; sub_heading_font_size=&#8221;&#8221; sub_heading_line_height=&#8221;&#8221; sub_heading_margin=&#8221;&#8221; spacer_img=&#8221;&#8221; css=&#8221;.vc_custom_1656503668036{padding-top: 50px !important;}&#8221; el_id=&#8221;multiplication&#8221;][vc_column offset=&#8221;vc_hidden-sm vc_hidden-xs&#8221;][vc_separator el_id=&#8221;details02&#8243;]<div id=\"ultimate-heading-991769f7572681ede\" class=\"uvc-heading ult-adjust-bottom-margin ultimate-heading-991769f7572681ede uvc-8123 accent-border-color\" data-hspacer=\"line_only\"  data-halign=\"left\" style=\"text-align:left\"><div class=\"uvc-main-heading ult-responsive\"  data-ultimate-target='.uvc-heading.ultimate-heading-991769f7572681ede h2'  data-responsive-json-new='{\"font-size\":\"desktop:26px;\",\"line-height\":\"desktop:36px;\"}' ><h2 style=\"font-weight:bold;\">Multiplication<\/h2><\/div><div class=\"uvc-heading-spacer line_only\" style=\"margin-top:15px;margin-bottom:50px;height:4px;\"><span class=\"uvc-headings-line\" style=\"border-style:solid;border-bottom-width:4px;border-color:;width:50px;\"><\/span><\/div><\/div>[vc_column_text]<strong>\u00c9t\u00e9 2018<\/strong><br \/>\nB\u00fchler (AR)<br \/>\nOuverture de Hopp-la Park<br \/>\n(1\u00e8re \u00e9tape)<\/p>\n<p><strong>Automne 2018<\/strong><br \/>\nPilote Hopp-la Fit<br \/>\nFormation de moniteur de cours<\/p>\n<p><strong>Hiver 2018<\/strong><br \/>\nBaar (ZG)<br \/>\nD\u00e9part Hopp-la Tandem<\/p>\n<p><strong>Printemps 2019<\/strong><br \/>\nHopp-la Fit<br \/>\nFormation de moniteur de cours<\/p>\n<p>Course \u00e0 pied (BL)<br \/>\nOuverture de Hopp-la Park<\/p>\n<p>Buchs (SG)<br \/>\nOuverture de Hopp-la Park<\/p>\n<p>Baar (ZG)<br \/>\nHopp-la Fit<\/p>\n<p><strong>\u00c9t\u00e9 2019<\/strong><br \/>\nCham (ZG) Lyss (BE) Buchs (SG)<br \/>\nD\u00e9marrer Hopp-la Fit<\/p>\n<p>B\u00fchler (AR)<br \/>\nOuverture de Hopp-la Park<br \/>\n2.+3. \u00c9tape<\/p>\n<p>Lyss (BE)<br \/>\nOuverture du parcours Hopp-la<\/p>\n<p><strong>Automne 2019<\/strong><br \/>\n1. mise en \u0153uvre de la<br \/>\nFormation de moniteur de cours Hopp-la Fit<\/p>\n<p>B\u00fchler (AR)<br \/>\nOuverture d&#8217;une nouvelle aire de jeux Hopp-la-Park<br \/>\nEl\u00e9ments Dorfstrasse et \u00e9cole<\/p>\n<p><strong>\u00c9t\u00e9 2020<\/strong><br \/>\nCham (ZG)<br \/>\nOuverture de Hopp-la Park<\/p>\n<p><strong>\u00c9t\u00e9 2021<\/strong><br \/>\nGlaris Netstal (GL)<br \/>\nOuverture de Hopp-la Park<\/p>\n<p><strong>Printemps 2022<\/strong><br \/>\nWeinfelden (TG)<br \/>\nOuverture de Hopp-la Park,<br \/>\nplusieurs sites<\/p>\n<p>Yverdon (VD)<br \/>\n1er accord en Suisse romande<\/p>\n<p>Jonschwil (SG)<br \/>\nOuverture de Hopp-la Park<\/p>\n<p><strong>\u00c9t\u00e9 2022<\/strong><br \/>\nSarnen (OW)<br \/>\nOuverture de Hopp-la Park<br \/>\nGare Quartier Sarnen<\/p>\n<p>Villmergen (AG)<br \/>\nOuverture de Hopp-la Park<br \/>\nMaison de retraite et de soins de Villmergen<\/p>\n<p>Diepoldsau (SG)<br \/>\nOuverture de Hopp-la Park<br \/>\nCentre des zones alluviales rh\u00e9nanes<\/p>\n<p>Baar (ZG)<br \/>\nOuverture du jeu d&#8217;eau[\/vc_column_text][\/vc_column][\/vc_row]<\/p>\n<\/div>","protected":false},"excerpt":{"rendered":"<p>[vc_row main_heading=&#8221;Stiftung in K\u00fcrze&#8221; main_heading_color=&#8221;&#8221; heading_tag=&#8221;h2&#8243; sub_heading_color=&#8221;&#8221; alignment=&#8221;left&#8221; spacer=&#8221;line_only&#8221; spacer_position=&#8221;middle&#8221; spacer_img_width=&#8221;48&#8243; line_style=&#8221;solid&#8221; line_height=&#8221;4&#8243; line_color=&#8221;&#8221; line_icon_fixer=&#8221;10&#8243; line_width=&#8221;50&#8243; spacer_margin=&#8221;margin-top:15px;margin-bottom:50px;&#8221; main_heading_style=&#8221;font-weight:bold;&#8221; main_heading_font_size=&#8221;desktop:26px;&#8221; main_heading_line_height=&#8221;desktop:36px;&#8221; el_class=&#8221;accent-border-color&#8221; main_heading_typograpy=&#8221;&#8221; main_heading_font_family=&#8221;&#8221; margin_design_tab_text=&#8221;&#8221; main_heading_margin=&#8221;&#8221; sub_heading_typograpy=&#8221;&#8221; sub_heading_font_family=&#8221;&#8221; sub_heading_style=&#8221;&#8221; sub_heading_font_size=&#8221;&#8221; sub_heading_line_height=&#8221;&#8221; sub_heading_margin=&#8221;&#8221; spacer_img=&#8221;&#8221; css=&#8221;.vc_custom_1515510089866{padding-top: 50px !important;}&#8221;][vc_column width=&#8221;1\/2&#8243; offset=&#8221;vc_hidden-sm vc_hidden-xs&#8221;][vc_column_text] D\u00e9tails sur l&#8217;histoire de la cr\u00e9ation Pour la multiplication [\/vc_column_text][vc_column_text]La fondation Hopp-la repose sur un projet interg\u00e9n\u00e9rationnel&hellip;<\/p>\n","protected":false},"author":1,"featured_media":0,"parent":7939,"menu_order":0,"comment_status":"closed","ping_status":"closed","template":"","meta":{"_monsterinsights_skip_tracking":false,"_monsterinsights_sitenote_active":false,"_monsterinsights_sitenote_note":"","_monsterinsights_sitenote_category":0,"footnotes":""},"class_list":["post-8042","page","type-page","status-publish","hentry","description-off"],"_links":{"self":[{"href":"https:\/\/www.hopp-la.ch\/fr\/wp-json\/wp\/v2\/pages\/8042","targetHints":{"allow":["GET"]}}],"collection":[{"href":"https:\/\/www.hopp-la.ch\/fr\/wp-json\/wp\/v2\/pages"}],"about":[{"href":"https:\/\/www.hopp-la.ch\/fr\/wp-json\/wp\/v2\/types\/page"}],"author":[{"embeddable":true,"href":"https:\/\/www.hopp-la.ch\/fr\/wp-json\/wp\/v2\/users\/1"}],"replies":[{"embeddable":true,"href":"https:\/\/www.hopp-la.ch\/fr\/wp-json\/wp\/v2\/comments?post=8042"}],"version-history":[{"count":1,"href":"https:\/\/www.hopp-la.ch\/fr\/wp-json\/wp\/v2\/pages\/8042\/revisions"}],"predecessor-version":[{"id":8045,"href":"https:\/\/www.hopp-la.ch\/fr\/wp-json\/wp\/v2\/pages\/8042\/revisions\/8045"}],"up":[{"embeddable":true,"href":"https:\/\/www.hopp-la.ch\/fr\/wp-json\/wp\/v2\/pages\/7939"}],"wp:attachment":[{"href":"https:\/\/www.hopp-la.ch\/fr\/wp-json\/wp\/v2\/media?parent=8042"}],"curies":[{"name":"wp","href":"https:\/\/api.w.org\/{rel}","templated":true}]}}